{"id":3317,"date":"2023-09-27T15:08:45","date_gmt":"2023-09-27T13:08:45","guid":{"rendered":"https:\/\/agri-meteo.fr\/blog\/?page_id=3317"},"modified":"2023-09-27T15:11:08","modified_gmt":"2023-09-27T13:11:08","slug":"accueil-2023","status":"publish","type":"page","link":"https:\/\/agri-meteo.fr\/blog\/","title":{"rendered":"Accueil 2023"},"content":{"rendered":"\t\t<div data-elementor-type=\"wp-page\" data-elementor-id=\"3317\" class=\"elementor elementor-3317\">\n\t\t\t\t\t\t\t<div class=\"elementor-element elementor-element-d9cc4e6 e-flex e-con-boxed e-con e-parent\" data-id=\"d9cc4e6\" data-element_type=\"container\" data-settings=\"{&quot;content_width&quot;:&quot;boxed&quot;}\" data-core-v316-plus=\"true\">\n\t\t\t\t\t<div class=\"e-con-inner\">\n\t\t\t\t<div class=\"elementor-element elementor-element-08ead6e elementor-widget elementor-widget-foxiz-grid-2\" data-id=\"08ead6e\" data-element_type=\"widget\" data-widget_type=\"foxiz-grid-2.default\">\n\t\t\t\t<div class=\"elementor-widget-container\">\n\t\t\t<div id=\"uid_08ead6e\" class=\"block-wrap block-grid block-grid-2 rb-columns rb-col-3 is-gap-20 ecat-text\"><div class=\"block-inner\">        <div class=\"p-wrap p-grid p-grid-2\" data-pid=\"3854\">\r\n\t            <div class=\"feat-holder\">        <div class=\"p-featured\">\r\n\t\t\t        <a class=\"p-flink\" href=\"https:\/\/agri-meteo.fr\/blog\/arretez-de-jeter-vos-sachets-de-the-alors-quils-sont-une-mine-dor-pour-vos-plantes\/\" title=\"Arr\u00eatez de jeter vos sachets de th\u00e9 alors qu&#8217;ils sont une mine d&#8217;or pour vos plantes.\">\r\n\t\t\t<img decoding=\"async\" width=\"420\" height=\"280\" src=\"https:\/\/agri-meteo.fr\/blog\/wp-content\/uploads\/2024\/10\/arretez-de-jeter-vos-sachets-de-the-alors-quils-sont-une-mine-dor-pour-vos-plantes-420x280.jpg\" class=\"featured-img wp-post-image\" alt=\"\" loading=\"lazy\" \/>        <\/a>\r\n\t\t        <\/div>\r\n\t<\/div>\r\n\t\t<div class=\"p-categories p-top\"><a class=\"p-category category-id-71\" href=\"https:\/\/agri-meteo.fr\/blog\/jardin\/\" rel=\"category\">Jardin<\/a><\/div><h3 class=\"entry-title\">        <a class=\"p-url\" href=\"https:\/\/agri-meteo.fr\/blog\/arretez-de-jeter-vos-sachets-de-the-alors-quils-sont-une-mine-dor-pour-vos-plantes\/\" rel=\"bookmark\">Arr\u00eatez de jeter vos sachets de th\u00e9 alors qu&#8217;ils sont une mine d&#8217;or pour vos plantes.<\/a><\/h3><p class=\"entry-summary\">En r\u00e9sum\u00e9 \ud83c\udf31 R\u00e9duction des d\u00e9chets : Les sachets de th\u00e9 se<span>&hellip;<\/span><\/p>\r\n\t\t\t            <div class=\"p-meta\">\r\n                <div class=\"meta-inner is-meta\">\r\n\t\t\t\t\t        <a class=\"meta-el meta-avatar\" href=\"https:\/\/agri-meteo.fr\/blog\/author\/quentin\/\"><img alt='Quentin' src='https:\/\/secure.gravatar.com\/avatar\/5fae9611bf19f6fcb734b7e1051f342d5f6f695d3577fb883c87edb2b70799c0?s=44&#038;d=mm&#038;r=g' srcset='https:\/\/secure.gravatar.com\/avatar\/5fae9611bf19f6fcb734b7e1051f342d5f6f695d3577fb883c87edb2b70799c0?s=88&#038;d=mm&#038;r=g 2x' class='avatar avatar-44 photo' height='44' width='44' \/><\/a>\r\n\t\t<span class=\"meta-el meta-author\">\r\n\t\t        <a href=\"https:\/\/agri-meteo.fr\/blog\/author\/quentin\/\">Quentin<\/a>\r\n\t\t        <\/span>\r\n\t\t                <\/div>\r\n\t\t\t\t            <\/div>\r\n\t\t        <\/div>\r\n\t        <div class=\"p-wrap p-grid p-grid-2\" data-pid=\"3851\">\r\n\t            <div class=\"feat-holder\">        <div class=\"p-featured\">\r\n\t\t\t        <a class=\"p-flink\" href=\"https:\/\/agri-meteo.fr\/blog\/meteo-comment-identifier-si-un-phenomene-extreme-est-lie-au-dereglement-climatique\/\" title=\"M\u00e9t\u00e9o : comment identifier si un ph\u00e9nom\u00e8ne extr\u00eame est li\u00e9 au d\u00e9r\u00e8glement climatique ?\">\r\n\t\t\t<img decoding=\"async\" width=\"420\" height=\"280\" src=\"https:\/\/agri-meteo.fr\/blog\/wp-content\/uploads\/2024\/10\/meteo-comment-identifier-si-un-phenomene-extreme-est-lie-au-dereglement-climatique-420x280.jpg\" class=\"featured-img wp-post-image\" alt=\"\" loading=\"lazy\" \/>        <\/a>\r\n\t\t        <\/div>\r\n\t<\/div>\r\n\t\t<div class=\"p-categories p-top\"><a class=\"p-category category-id-72\" href=\"https:\/\/agri-meteo.fr\/blog\/meteo\/\" rel=\"category\">M\u00e9t\u00e9o<\/a><\/div><h3 class=\"entry-title\">        <a class=\"p-url\" href=\"https:\/\/agri-meteo.fr\/blog\/meteo-comment-identifier-si-un-phenomene-extreme-est-lie-au-dereglement-climatique\/\" rel=\"bookmark\">M\u00e9t\u00e9o : comment identifier si un ph\u00e9nom\u00e8ne extr\u00eame est li\u00e9 au d\u00e9r\u00e8glement climatique ?<\/a><\/h3><p class=\"entry-summary\">En r\u00e9sum\u00e9 \ud83c\udf2a\ufe0f \u00c9v\u00e9nements extr\u00eames : Une augmentation des ph\u00e9nom\u00e8nes m\u00e9t\u00e9orologiques s\u00e9v\u00e8res<span>&hellip;<\/span><\/p>\r\n\t\t\t            <div class=\"p-meta\">\r\n                <div class=\"meta-inner is-meta\">\r\n\t\t\t\t\t        <a class=\"meta-el meta-avatar\" href=\"https:\/\/agri-meteo.fr\/blog\/author\/quentin\/\"><img alt='Quentin' src='https:\/\/secure.gravatar.com\/avatar\/5fae9611bf19f6fcb734b7e1051f342d5f6f695d3577fb883c87edb2b70799c0?s=44&#038;d=mm&#038;r=g' srcset='https:\/\/secure.gravatar.com\/avatar\/5fae9611bf19f6fcb734b7e1051f342d5f6f695d3577fb883c87edb2b70799c0?s=88&#038;d=mm&#038;r=g 2x' class='avatar avatar-44 photo' height='44' width='44' \/><\/a>\r\n\t\t<span class=\"meta-el meta-author\">\r\n\t\t        <a href=\"https:\/\/agri-meteo.fr\/blog\/author\/quentin\/\">Quentin<\/a>\r\n\t\t        <\/span>\r\n\t\t                <\/div>\r\n\t\t\t\t            <\/div>\r\n\t\t        <\/div>\r\n\t        <div class=\"p-wrap p-grid p-grid-2\" data-pid=\"3848\">\r\n\t            <div class=\"feat-holder\">        <div class=\"p-featured\">\r\n\t\t\t        <a class=\"p-flink\" href=\"https:\/\/agri-meteo.fr\/blog\/ce-dechet-alimentaire-que-lon-jette-a-la-poubelle-alors-que-vos-plantes-en-raffolent\/\" title=\"Ce d\u00e9chet alimentaire que l&#8217;on jette \u00e0 la poubelle alors que vos plantes en raffolent.\">\r\n\t\t\t<img decoding=\"async\" width=\"420\" height=\"280\" src=\"https:\/\/agri-meteo.fr\/blog\/wp-content\/uploads\/2024\/10\/ce-dechet-alimentaire-que-lon-jette-a-la-poubelle-alors-que-vos-plantes-en-raffolent-420x280.jpg\" class=\"featured-img wp-post-image\" alt=\"\" loading=\"lazy\" \/>        <\/a>\r\n\t\t        <\/div>\r\n\t<\/div>\r\n\t\t<div class=\"p-categories p-top\"><a class=\"p-category category-id-71\" href=\"https:\/\/agri-meteo.fr\/blog\/jardin\/\" rel=\"category\">Jardin<\/a><\/div><h3 class=\"entry-title\">        <a class=\"p-url\" href=\"https:\/\/agri-meteo.fr\/blog\/ce-dechet-alimentaire-que-lon-jette-a-la-poubelle-alors-que-vos-plantes-en-raffolent\/\" rel=\"bookmark\">Ce d\u00e9chet alimentaire que l&#8217;on jette \u00e0 la poubelle alors que vos plantes en raffolent.<\/a><\/h3><p class=\"entry-summary\">En r\u00e9sum\u00e9 \ud83c\udf31 Le marc de caf\u00e9 est un engrais naturel riche<span>&hellip;<\/span><\/p>\r\n\t\t\t            <div class=\"p-meta\">\r\n                <div class=\"meta-inner is-meta\">\r\n\t\t\t\t\t        <a class=\"meta-el meta-avatar\" href=\"https:\/\/agri-meteo.fr\/blog\/author\/quentin\/\"><img alt='Quentin' src='https:\/\/secure.gravatar.com\/avatar\/5fae9611bf19f6fcb734b7e1051f342d5f6f695d3577fb883c87edb2b70799c0?s=44&#038;d=mm&#038;r=g' srcset='https:\/\/secure.gravatar.com\/avatar\/5fae9611bf19f6fcb734b7e1051f342d5f6f695d3577fb883c87edb2b70799c0?s=88&#038;d=mm&#038;r=g 2x' class='avatar avatar-44 photo' height='44' width='44' \/><\/a>\r\n\t\t<span class=\"meta-el meta-author\">\r\n\t\t        <a href=\"https:\/\/agri-meteo.fr\/blog\/author\/quentin\/\">Quentin<\/a>\r\n\t\t        <\/span>\r\n\t\t                <\/div>\r\n\t\t\t\t            <\/div>\r\n\t\t        <\/div>\r\n\t        <div class=\"p-wrap p-grid p-grid-2\" data-pid=\"3845\">\r\n\t            <div class=\"feat-holder\">        <div class=\"p-featured\">\r\n\t\t\t        <a class=\"p-flink\" href=\"https:\/\/agri-meteo.fr\/blog\/ces-plantes-dinterieur-sont-les-plus-efficaces-pour-purifier-votre-maison-en-automne\/\" title=\"Ces plantes d&#8217;int\u00e9rieur sont les plus efficaces pour purifier votre maison en automne.\">\r\n\t\t\t<img decoding=\"async\" width=\"420\" height=\"280\" src=\"https:\/\/agri-meteo.fr\/blog\/wp-content\/uploads\/2024\/10\/ces-plantes-dinterieur-sont-les-plus-efficaces-pour-purifier-votre-maison-en-automne-420x280.jpg\" class=\"featured-img wp-post-image\" alt=\"\" loading=\"lazy\" \/>        <\/a>\r\n\t\t        <\/div>\r\n\t<\/div>\r\n\t\t<div class=\"p-categories p-top\"><a class=\"p-category category-id-71\" href=\"https:\/\/agri-meteo.fr\/blog\/jardin\/\" rel=\"category\">Jardin<\/a><\/div><h3 class=\"entry-title\">        <a class=\"p-url\" href=\"https:\/\/agri-meteo.fr\/blog\/ces-plantes-dinterieur-sont-les-plus-efficaces-pour-purifier-votre-maison-en-automne\/\" rel=\"bookmark\">Ces plantes d&#8217;int\u00e9rieur sont les plus efficaces pour purifier votre maison en automne.<\/a><\/h3><p class=\"entry-summary\">En r\u00e9sum\u00e9 \ud83c\udf42Importance de l'air pur : L'automne est le moment id\u00e9al<span>&hellip;<\/span><\/p>\r\n\t\t\t            <div class=\"p-meta\">\r\n                <div class=\"meta-inner is-meta\">\r\n\t\t\t\t\t        <a class=\"meta-el meta-avatar\" href=\"https:\/\/agri-meteo.fr\/blog\/author\/quentin\/\"><img alt='Quentin' src='https:\/\/secure.gravatar.com\/avatar\/5fae9611bf19f6fcb734b7e1051f342d5f6f695d3577fb883c87edb2b70799c0?s=44&#038;d=mm&#038;r=g' srcset='https:\/\/secure.gravatar.com\/avatar\/5fae9611bf19f6fcb734b7e1051f342d5f6f695d3577fb883c87edb2b70799c0?s=88&#038;d=mm&#038;r=g 2x' class='avatar avatar-44 photo' height='44' width='44' \/><\/a>\r\n\t\t<span class=\"meta-el meta-author\">\r\n\t\t        <a href=\"https:\/\/agri-meteo.fr\/blog\/author\/quentin\/\">Quentin<\/a>\r\n\t\t        <\/span>\r\n\t\t                <\/div>\r\n\t\t\t\t            <\/div>\r\n\t\t        <\/div>\r\n\t        <div class=\"p-wrap p-grid p-grid-2\" data-pid=\"3837\">\r\n\t            <div class=\"feat-holder\">        <div class=\"p-featured\">\r\n\t\t\t        <a class=\"p-flink\" href=\"https:\/\/agri-meteo.fr\/blog\/quelle-est-la-meilleure-essence-de-bois-pour-se-chauffer-cet-hiver\/\" title=\"Quelle est la meilleure essence de bois pour se chauffer cet hiver ?\">\r\n\t\t\t<img decoding=\"async\" width=\"420\" height=\"280\" src=\"https:\/\/agri-meteo.fr\/blog\/wp-content\/uploads\/2024\/10\/quelle-est-la-meilleure-essence-de-bois-pour-se-chauffer-cet-hiver-420x280.jpg\" class=\"featured-img wp-post-image\" alt=\"\" loading=\"lazy\" \/>        <\/a>\r\n\t\t        <\/div>\r\n\t<\/div>\r\n\t\t<div class=\"p-categories p-top\"><a class=\"p-category category-id-72\" href=\"https:\/\/agri-meteo.fr\/blog\/meteo\/\" rel=\"category\">M\u00e9t\u00e9o<\/a><\/div><h3 class=\"entry-title\">        <a class=\"p-url\" href=\"https:\/\/agri-meteo.fr\/blog\/quelle-est-la-meilleure-essence-de-bois-pour-se-chauffer-cet-hiver\/\" rel=\"bookmark\">Quelle est la meilleure essence de bois pour se chauffer cet hiver ?<\/a><\/h3><p class=\"entry-summary\">En r\u00e9sum\u00e9 \ud83d\udd25 L'importance de choisir du bois sec pour une combustion<span>&hellip;<\/span><\/p>\r\n\t\t\t            <div class=\"p-meta\">\r\n                <div class=\"meta-inner is-meta\">\r\n\t\t\t\t\t        <a class=\"meta-el meta-avatar\" href=\"https:\/\/agri-meteo.fr\/blog\/author\/quentin\/\"><img alt='Quentin' src='https:\/\/secure.gravatar.com\/avatar\/5fae9611bf19f6fcb734b7e1051f342d5f6f695d3577fb883c87edb2b70799c0?s=44&#038;d=mm&#038;r=g' srcset='https:\/\/secure.gravatar.com\/avatar\/5fae9611bf19f6fcb734b7e1051f342d5f6f695d3577fb883c87edb2b70799c0?s=88&#038;d=mm&#038;r=g 2x' class='avatar avatar-44 photo' height='44' width='44' \/><\/a>\r\n\t\t<span class=\"meta-el meta-author\">\r\n\t\t        <a href=\"https:\/\/agri-meteo.fr\/blog\/author\/quentin\/\">Quentin<\/a>\r\n\t\t        <\/span>\r\n\t\t                <\/div>\r\n\t\t\t\t            <\/div>\r\n\t\t        <\/div>\r\n\t        <div class=\"p-wrap p-grid p-grid-2\" data-pid=\"3833\">\r\n\t            <div class=\"feat-holder\">        <div class=\"p-featured\">\r\n\t\t\t        <a class=\"p-flink\" href=\"https:\/\/agri-meteo.fr\/blog\/cest-la-principale-erreur-que-font-les-francais-quand-ils-rallument-le-chauffage\/\" title=\"C&#8217;est la principale erreur que font les Fran\u00e7ais quand ils rallument le chauffage\">\r\n\t\t\t<img decoding=\"async\" width=\"420\" height=\"280\" src=\"https:\/\/agri-meteo.fr\/blog\/wp-content\/uploads\/2024\/10\/cest-la-principale-erreur-que-font-les-francais-quand-ils-rallument-le-chauffage-420x280.jpg\" class=\"featured-img wp-post-image\" alt=\"\" loading=\"lazy\" \/>        <\/a>\r\n\t\t        <\/div>\r\n\t<\/div>\r\n\t\t<div class=\"p-categories p-top\"><a class=\"p-category category-id-72\" href=\"https:\/\/agri-meteo.fr\/blog\/meteo\/\" rel=\"category\">M\u00e9t\u00e9o<\/a><\/div><h3 class=\"entry-title\">        <a class=\"p-url\" href=\"https:\/\/agri-meteo.fr\/blog\/cest-la-principale-erreur-que-font-les-francais-quand-ils-rallument-le-chauffage\/\" rel=\"bookmark\">C&#8217;est la principale erreur que font les Fran\u00e7ais quand ils rallument le chauffage<\/a><\/h3><p class=\"entry-summary\">En r\u00e9sum\u00e9 \ud83d\udd0d V\u00e9rification des radiateurs : Inspectez vos radiateurs pour pr\u00e9venir<span>&hellip;<\/span><\/p>\r\n\t\t\t            <div class=\"p-meta\">\r\n                <div class=\"meta-inner is-meta\">\r\n\t\t\t\t\t        <a class=\"meta-el meta-avatar\" href=\"https:\/\/agri-meteo.fr\/blog\/author\/quentin\/\"><img alt='Quentin' src='https:\/\/secure.gravatar.com\/avatar\/5fae9611bf19f6fcb734b7e1051f342d5f6f695d3577fb883c87edb2b70799c0?s=44&#038;d=mm&#038;r=g' srcset='https:\/\/secure.gravatar.com\/avatar\/5fae9611bf19f6fcb734b7e1051f342d5f6f695d3577fb883c87edb2b70799c0?s=88&#038;d=mm&#038;r=g 2x' class='avatar avatar-44 photo' height='44' width='44' \/><\/a>\r\n\t\t<span class=\"meta-el meta-author\">\r\n\t\t        <a href=\"https:\/\/agri-meteo.fr\/blog\/author\/quentin\/\">Quentin<\/a>\r\n\t\t        <\/span>\r\n\t\t                <\/div>\r\n\t\t\t\t            <\/div>\r\n\t\t        <\/div>\r\n\t        <div class=\"p-wrap p-grid p-grid-2\" data-pid=\"3829\">\r\n\t            <div class=\"feat-holder\">        <div class=\"p-featured\">\r\n\t\t\t        <a class=\"p-flink\" href=\"https:\/\/agri-meteo.fr\/blog\/si-vous-voulez-une-recolte-abondante-en-2025-il-vous-faut-tailler-ses-arbres-fruitiers-avant-la-fin-du-mois\/\" title=\"Si vous voulez une r\u00e9colte abondante en 2025, il vous faut tailler ses arbres fruitiers avant la fin du mois.\">\r\n\t\t\t<img decoding=\"async\" width=\"420\" height=\"280\" src=\"https:\/\/agri-meteo.fr\/blog\/wp-content\/uploads\/2024\/10\/si-vous-voulez-une-recolte-abondante-en-2025-il-vous-faut-tailler-ses-arbres-fruitiers-avant-la-fin-du-mois-420x280.jpg\" class=\"featured-img wp-post-image\" alt=\"\" loading=\"lazy\" \/>        <\/a>\r\n\t\t        <\/div>\r\n\t<\/div>\r\n\t\t<div class=\"p-categories p-top\"><a class=\"p-category category-id-71\" href=\"https:\/\/agri-meteo.fr\/blog\/jardin\/\" rel=\"category\">Jardin<\/a><\/div><h3 class=\"entry-title\">        <a class=\"p-url\" href=\"https:\/\/agri-meteo.fr\/blog\/si-vous-voulez-une-recolte-abondante-en-2025-il-vous-faut-tailler-ses-arbres-fruitiers-avant-la-fin-du-mois\/\" rel=\"bookmark\">Si vous voulez une r\u00e9colte abondante en 2025, il vous faut tailler ses arbres fruitiers avant la fin du mois.<\/a><\/h3><p class=\"entry-summary\">En r\u00e9sum\u00e9 \ud83c\udf42 L'importance de la taille automnale des arbres fruitiers: pr\u00e9vention<span>&hellip;<\/span><\/p>\r\n\t\t\t            <div class=\"p-meta\">\r\n                <div class=\"meta-inner is-meta\">\r\n\t\t\t\t\t        <a class=\"meta-el meta-avatar\" href=\"https:\/\/agri-meteo.fr\/blog\/author\/quentin\/\"><img alt='Quentin' src='https:\/\/secure.gravatar.com\/avatar\/5fae9611bf19f6fcb734b7e1051f342d5f6f695d3577fb883c87edb2b70799c0?s=44&#038;d=mm&#038;r=g' srcset='https:\/\/secure.gravatar.com\/avatar\/5fae9611bf19f6fcb734b7e1051f342d5f6f695d3577fb883c87edb2b70799c0?s=88&#038;d=mm&#038;r=g 2x' class='avatar avatar-44 photo' height='44' width='44' \/><\/a>\r\n\t\t<span class=\"meta-el meta-author\">\r\n\t\t        <a href=\"https:\/\/agri-meteo.fr\/blog\/author\/quentin\/\">Quentin<\/a>\r\n\t\t        <\/span>\r\n\t\t                <\/div>\r\n\t\t\t\t            <\/div>\r\n\t\t        <\/div>\r\n\t        <div class=\"p-wrap p-grid p-grid-2\" data-pid=\"3824\">\r\n\t            <div class=\"feat-holder\">        <div class=\"p-featured\">\r\n\t\t\t        <a class=\"p-flink\" href=\"https:\/\/agri-meteo.fr\/blog\/automne-au-jardin-voici-lastuce-dun-jardinier-pour-le-recyclage-des-feuilles-mortes\/\" title=\"Automne au jardin : Voici l&#8217;astuce d&#8217;un jardinier pour le recyclage des feuilles mortes\">\r\n\t\t\t<img decoding=\"async\" width=\"420\" height=\"280\" src=\"https:\/\/agri-meteo.fr\/blog\/wp-content\/uploads\/2024\/10\/automne-au-jardin-voici-lastuce-dun-jardinier-pour-le-recyclage-des-feuilles-mortes-420x280.jpg\" class=\"featured-img wp-post-image\" alt=\"\" loading=\"lazy\" \/>        <\/a>\r\n\t\t        <\/div>\r\n\t<\/div>\r\n\t\t<div class=\"p-categories p-top\"><a class=\"p-category category-id-71\" href=\"https:\/\/agri-meteo.fr\/blog\/jardin\/\" rel=\"category\">Jardin<\/a><\/div><h3 class=\"entry-title\">        <a class=\"p-url\" href=\"https:\/\/agri-meteo.fr\/blog\/automne-au-jardin-voici-lastuce-dun-jardinier-pour-le-recyclage-des-feuilles-mortes\/\" rel=\"bookmark\">Automne au jardin : Voici l&#8217;astuce d&#8217;un jardinier pour le recyclage des feuilles mortes<\/a><\/h3><p class=\"entry-summary\">En r\u00e9sum\u00e9 \ud83c\udf42 Utiliser les feuilles mortes comme paillis naturel aide \u00e0<span>&hellip;<\/span><\/p>\r\n\t\t\t            <div class=\"p-meta\">\r\n                <div class=\"meta-inner is-meta\">\r\n\t\t\t\t\t        <a class=\"meta-el meta-avatar\" href=\"https:\/\/agri-meteo.fr\/blog\/author\/quentin\/\"><img alt='Quentin' src='https:\/\/secure.gravatar.com\/avatar\/5fae9611bf19f6fcb734b7e1051f342d5f6f695d3577fb883c87edb2b70799c0?s=44&#038;d=mm&#038;r=g' srcset='https:\/\/secure.gravatar.com\/avatar\/5fae9611bf19f6fcb734b7e1051f342d5f6f695d3577fb883c87edb2b70799c0?s=88&#038;d=mm&#038;r=g 2x' class='avatar avatar-44 photo' height='44' width='44' \/><\/a>\r\n\t\t<span class=\"meta-el meta-author\">\r\n\t\t        <a href=\"https:\/\/agri-meteo.fr\/blog\/author\/quentin\/\">Quentin<\/a>\r\n\t\t        <\/span>\r\n\t\t                <\/div>\r\n\t\t\t\t            <\/div>\r\n\t\t        <\/div>\r\n\t        <div class=\"p-wrap p-grid p-grid-2\" data-pid=\"3819\">\r\n\t            <div class=\"feat-holder\">        <div class=\"p-featured\">\r\n\t\t\t        <a class=\"p-flink\" href=\"https:\/\/agri-meteo.fr\/blog\/ouragan-milton-2-millions-de-personnes-sans-electricite-des-victimes-et-des-inondations-devastatrices\/\" title=\"Ouragan Milton : 2 millions de personnes sans \u00e9lectricit\u00e9, des victimes et des inondations d\u00e9vastatrices\">\r\n\t\t\t<img decoding=\"async\" width=\"420\" height=\"280\" src=\"https:\/\/agri-meteo.fr\/blog\/wp-content\/uploads\/2024\/10\/ouragan-milton-2-millions-de-personnes-sans-electricite-des-victimes-et-des-inondations-devastatrices-420x280.jpg\" class=\"featured-img wp-post-image\" alt=\"\" loading=\"lazy\" \/>        <\/a>\r\n\t\t        <\/div>\r\n\t<\/div>\r\n\t\t<div class=\"p-categories p-top\"><a class=\"p-category category-id-72\" href=\"https:\/\/agri-meteo.fr\/blog\/meteo\/\" rel=\"category\">M\u00e9t\u00e9o<\/a><\/div><h3 class=\"entry-title\">        <a class=\"p-url\" href=\"https:\/\/agri-meteo.fr\/blog\/ouragan-milton-2-millions-de-personnes-sans-electricite-des-victimes-et-des-inondations-devastatrices\/\" rel=\"bookmark\">Ouragan Milton : 2 millions de personnes sans \u00e9lectricit\u00e9, des victimes et des inondations d\u00e9vastatrices<\/a><\/h3><p class=\"entry-summary\">Tampa, Floride \u2013 L'ouragan Milton, un puissant cyclone de cat\u00e9gorie 3, a<span>&hellip;<\/span><\/p>\r\n\t\t\t            <div class=\"p-meta\">\r\n                <div class=\"meta-inner is-meta\">\r\n\t\t\t\t\t        <a class=\"meta-el meta-avatar\" href=\"https:\/\/agri-meteo.fr\/blog\/author\/quentin\/\"><img alt='Quentin' src='https:\/\/secure.gravatar.com\/avatar\/5fae9611bf19f6fcb734b7e1051f342d5f6f695d3577fb883c87edb2b70799c0?s=44&#038;d=mm&#038;r=g' srcset='https:\/\/secure.gravatar.com\/avatar\/5fae9611bf19f6fcb734b7e1051f342d5f6f695d3577fb883c87edb2b70799c0?s=88&#038;d=mm&#038;r=g 2x' class='avatar avatar-44 photo' height='44' width='44' \/><\/a>\r\n\t\t<span class=\"meta-el meta-author\">\r\n\t\t        <a href=\"https:\/\/agri-meteo.fr\/blog\/author\/quentin\/\">Quentin<\/a>\r\n\t\t        <\/span>\r\n\t\t                <\/div>\r\n\t\t\t\t            <\/div>\r\n\t\t        <\/div>\r\n\t        <div class=\"p-wrap p-grid p-grid-2\" data-pid=\"3810\">\r\n\t            <div class=\"feat-holder\">        <div class=\"p-featured\">\r\n\t\t\t        <a class=\"p-flink\" href=\"https:\/\/agri-meteo.fr\/blog\/cet-agriculteur-devoile-les-legumes-incontournables-a-planter-en-octobre\/\" title=\"Cet agriculteur d\u00e9voile les l\u00e9gumes incontournables \u00e0 planter en Octobre\">\r\n\t\t\t<img decoding=\"async\" width=\"420\" height=\"280\" src=\"https:\/\/agri-meteo.fr\/blog\/wp-content\/uploads\/2024\/10\/cet-agriculteur-devoile-les-legumes-incontournables-a-planter-en-octobre-420x280.jpg\" class=\"featured-img wp-post-image\" alt=\"\" loading=\"lazy\" \/>        <\/a>\r\n\t\t        <\/div>\r\n\t<\/div>\r\n\t\t<div class=\"p-categories p-top\"><a class=\"p-category category-id-71\" href=\"https:\/\/agri-meteo.fr\/blog\/jardin\/\" rel=\"category\">Jardin<\/a><\/div><h3 class=\"entry-title\">        <a class=\"p-url\" href=\"https:\/\/agri-meteo.fr\/blog\/cet-agriculteur-devoile-les-legumes-incontournables-a-planter-en-octobre\/\" rel=\"bookmark\">Cet agriculteur d\u00e9voile les l\u00e9gumes incontournables \u00e0 planter en Octobre<\/a><\/h3><p class=\"entry-summary\">En r\u00e9sum\u00e9 \ud83c\udf42 D\u00e9couvrez le charme de l'automne au potager et les<span>&hellip;<\/span><\/p>\r\n\t\t\t            <div class=\"p-meta\">\r\n                <div class=\"meta-inner is-meta\">\r\n\t\t\t\t\t        <a class=\"meta-el meta-avatar\" href=\"https:\/\/agri-meteo.fr\/blog\/author\/quentin\/\"><img alt='Quentin' src='https:\/\/secure.gravatar.com\/avatar\/5fae9611bf19f6fcb734b7e1051f342d5f6f695d3577fb883c87edb2b70799c0?s=44&#038;d=mm&#038;r=g' srcset='https:\/\/secure.gravatar.com\/avatar\/5fae9611bf19f6fcb734b7e1051f342d5f6f695d3577fb883c87edb2b70799c0?s=88&#038;d=mm&#038;r=g 2x' class='avatar avatar-44 photo' height='44' width='44' \/><\/a>\r\n\t\t<span class=\"meta-el meta-author\">\r\n\t\t        <a href=\"https:\/\/agri-meteo.fr\/blog\/author\/quentin\/\">Quentin<\/a>\r\n\t\t        <\/span>\r\n\t\t                <\/div>\r\n\t\t\t\t            <\/div>\r\n\t\t        <\/div>\r\n\t        <div class=\"p-wrap p-grid p-grid-2\" data-pid=\"3807\">\r\n\t            <div class=\"feat-holder\">        <div class=\"p-featured\">\r\n\t\t\t        <a class=\"p-flink\" href=\"https:\/\/agri-meteo.fr\/blog\/pourquoi-avons-nous-un-temps-de-plus-en-plus-humide-en-france-en-ce-moment\/\" title=\"Pourquoi avons-nous un temps de plus en plus humide en France en ce moment ?\">\r\n\t\t\t<img decoding=\"async\" width=\"420\" height=\"280\" src=\"https:\/\/agri-meteo.fr\/blog\/wp-content\/uploads\/2024\/10\/pourquoi-avons-nous-un-temps-de-plus-en-plus-humide-en-france-en-ce-moment-420x280.jpg\" class=\"featured-img wp-post-image\" alt=\"\" loading=\"lazy\" \/>        <\/a>\r\n\t\t        <\/div>\r\n\t<\/div>\r\n\t\t<div class=\"p-categories p-top\"><a class=\"p-category category-id-72\" href=\"https:\/\/agri-meteo.fr\/blog\/meteo\/\" rel=\"category\">M\u00e9t\u00e9o<\/a><\/div><h3 class=\"entry-title\">        <a class=\"p-url\" href=\"https:\/\/agri-meteo.fr\/blog\/pourquoi-avons-nous-un-temps-de-plus-en-plus-humide-en-france-en-ce-moment\/\" rel=\"bookmark\">Pourquoi avons-nous un temps de plus en plus humide en France en ce moment ?<\/a><\/h3><p class=\"entry-summary\">En r\u00e9sum\u00e9 \ud83c\udf27\ufe0f Impacts climatiques: Une atmosph\u00e8re plus humide a amplifi\u00e9 les<span>&hellip;<\/span><\/p>\r\n\t\t\t            <div class=\"p-meta\">\r\n                <div class=\"meta-inner is-meta\">\r\n\t\t\t\t\t        <a class=\"meta-el meta-avatar\" href=\"https:\/\/agri-meteo.fr\/blog\/author\/quentin\/\"><img alt='Quentin' src='https:\/\/secure.gravatar.com\/avatar\/5fae9611bf19f6fcb734b7e1051f342d5f6f695d3577fb883c87edb2b70799c0?s=44&#038;d=mm&#038;r=g' srcset='https:\/\/secure.gravatar.com\/avatar\/5fae9611bf19f6fcb734b7e1051f342d5f6f695d3577fb883c87edb2b70799c0?s=88&#038;d=mm&#038;r=g 2x' class='avatar avatar-44 photo' height='44' width='44' \/><\/a>\r\n\t\t<span class=\"meta-el meta-author\">\r\n\t\t        <a href=\"https:\/\/agri-meteo.fr\/blog\/author\/quentin\/\">Quentin<\/a>\r\n\t\t        <\/span>\r\n\t\t                <\/div>\r\n\t\t\t\t            <\/div>\r\n\t\t        <\/div>\r\n\t        <div class=\"p-wrap p-grid p-grid-2\" data-pid=\"3804\">\r\n\t            <div class=\"feat-holder\">        <div class=\"p-featured\">\r\n\t\t\t        <a class=\"p-flink\" href=\"https:\/\/agri-meteo.fr\/blog\/voici-comment-sauver-et-abriter-les-herissons-avant-la-fin-de-lautomne\/\" title=\"Voici comment sauver et abriter les h\u00e9rissons avant la fin de l&#8217;automne\">\r\n\t\t\t<img decoding=\"async\" width=\"420\" height=\"280\" src=\"https:\/\/agri-meteo.fr\/blog\/wp-content\/uploads\/2024\/10\/voici-comment-sauver-et-abriter-les-herissons-avant-la-fin-de-lautomne-420x280.jpg\" class=\"featured-img wp-post-image\" alt=\"\" loading=\"lazy\" \/>        <\/a>\r\n\t\t        <\/div>\r\n\t<\/div>\r\n\t\t<div class=\"p-categories p-top\"><a class=\"p-category category-id-71\" href=\"https:\/\/agri-meteo.fr\/blog\/jardin\/\" rel=\"category\">Jardin<\/a><\/div><h3 class=\"entry-title\">        <a class=\"p-url\" href=\"https:\/\/agri-meteo.fr\/blog\/voici-comment-sauver-et-abriter-les-herissons-avant-la-fin-de-lautomne\/\" rel=\"bookmark\">Voici comment sauver et abriter les h\u00e9rissons avant la fin de l&#8217;automne<\/a><\/h3><p class=\"entry-summary\">En r\u00e9sum\u00e9 \ud83c\udf42 Hibernation des h\u00e9rissons : ces petits mammif\u00e8res se mettent<span>&hellip;<\/span><\/p>\r\n\t\t\t            <div class=\"p-meta\">\r\n                <div class=\"meta-inner is-meta\">\r\n\t\t\t\t\t        <a class=\"meta-el meta-avatar\" href=\"https:\/\/agri-meteo.fr\/blog\/author\/quentin\/\"><img alt='Quentin' src='https:\/\/secure.gravatar.com\/avatar\/5fae9611bf19f6fcb734b7e1051f342d5f6f695d3577fb883c87edb2b70799c0?s=44&#038;d=mm&#038;r=g' srcset='https:\/\/secure.gravatar.com\/avatar\/5fae9611bf19f6fcb734b7e1051f342d5f6f695d3577fb883c87edb2b70799c0?s=88&#038;d=mm&#038;r=g 2x' class='avatar avatar-44 photo' height='44' width='44' \/><\/a>\r\n\t\t<span class=\"meta-el meta-author\">\r\n\t\t        <a href=\"https:\/\/agri-meteo.fr\/blog\/author\/quentin\/\">Quentin<\/a>\r\n\t\t        <\/span>\r\n\t\t                <\/div>\r\n\t\t\t\t            <\/div>\r\n\t\t        <\/div>\r\n\t        <div class=\"p-wrap p-grid p-grid-2\" data-pid=\"3800\">\r\n\t            <div class=\"feat-holder\">        <div class=\"p-featured\">\r\n\t\t\t        <a class=\"p-flink\" href=\"https:\/\/agri-meteo.fr\/blog\/pourquoi-cet-expert-ne-recommande-absolument-pas-de-nourrir-les-oiseaux-en-automne-2\/\" title=\"Pourquoi cet expert ne recommande absolument pas de nourrir les oiseaux en automne ?\">\r\n\t\t\t<img decoding=\"async\" width=\"420\" height=\"280\" src=\"https:\/\/agri-meteo.fr\/blog\/wp-content\/uploads\/2024\/10\/pourquoi-cet-expert-ne-recommande-absolument-pas-de-nourrir-les-oiseaux-en-automne-2-420x280.jpg\" class=\"featured-img wp-post-image\" alt=\"\" loading=\"lazy\" \/>        <\/a>\r\n\t\t        <\/div>\r\n\t<\/div>\r\n\t\t<div class=\"p-categories p-top\"><a class=\"p-category category-id-71\" href=\"https:\/\/agri-meteo.fr\/blog\/jardin\/\" rel=\"category\">Jardin<\/a><\/div><h3 class=\"entry-title\">        <a class=\"p-url\" href=\"https:\/\/agri-meteo.fr\/blog\/pourquoi-cet-expert-ne-recommande-absolument-pas-de-nourrir-les-oiseaux-en-automne-2\/\" rel=\"bookmark\">Pourquoi cet expert ne recommande absolument pas de nourrir les oiseaux en automne ?<\/a><\/h3><p class=\"entry-summary\">En r\u00e9sum\u00e9 \ud83d\udeab Pratique d\u00e9conseill\u00e9e : R\u00e9sistez \u00e0 nourrir les oiseaux en<span>&hellip;<\/span><\/p>\r\n\t\t\t            <div class=\"p-meta\">\r\n                <div class=\"meta-inner is-meta\">\r\n\t\t\t\t\t        <a class=\"meta-el meta-avatar\" href=\"https:\/\/agri-meteo.fr\/blog\/author\/quentin\/\"><img alt='Quentin' src='https:\/\/secure.gravatar.com\/avatar\/5fae9611bf19f6fcb734b7e1051f342d5f6f695d3577fb883c87edb2b70799c0?s=44&#038;d=mm&#038;r=g' srcset='https:\/\/secure.gravatar.com\/avatar\/5fae9611bf19f6fcb734b7e1051f342d5f6f695d3577fb883c87edb2b70799c0?s=88&#038;d=mm&#038;r=g 2x' class='avatar avatar-44 photo' height='44' width='44' \/><\/a>\r\n\t\t<span class=\"meta-el meta-author\">\r\n\t\t        <a href=\"https:\/\/agri-meteo.fr\/blog\/author\/quentin\/\">Quentin<\/a>\r\n\t\t        <\/span>\r\n\t\t                <\/div>\r\n\t\t\t\t            <\/div>\r\n\t\t        <\/div>\r\n\t        <div class=\"p-wrap p-grid p-grid-2\" data-pid=\"3796\">\r\n\t            <div class=\"feat-holder\">        <div class=\"p-featured\">\r\n\t\t\t        <a class=\"p-flink\" href=\"https:\/\/agri-meteo.fr\/blog\/cet-objet-a-placer-a-cote-de-vos-orchidees-va-considerablement-accelerer-leur-fleuraison\/\" title=\"Cet objet, \u00e0 placer \u00e0 c\u00f4t\u00e9 de vos orchid\u00e9es va consid\u00e9rablement acc\u00e9l\u00e9rer leur fleuraison\">\r\n\t\t\t<img decoding=\"async\" width=\"420\" height=\"280\" src=\"https:\/\/agri-meteo.fr\/blog\/wp-content\/uploads\/2024\/10\/cet-objet-a-placer-a-cote-de-vos-orchidees-va-considerablement-accelerer-leur-fleuraison-1-420x280.jpg\" class=\"featured-img wp-post-image\" alt=\"\" loading=\"lazy\" \/>        <\/a>\r\n\t\t        <\/div>\r\n\t<\/div>\r\n\t\t<div class=\"p-categories p-top\"><a class=\"p-category category-id-71\" href=\"https:\/\/agri-meteo.fr\/blog\/jardin\/\" rel=\"category\">Jardin<\/a><\/div><h3 class=\"entry-title\">        <a class=\"p-url\" href=\"https:\/\/agri-meteo.fr\/blog\/cet-objet-a-placer-a-cote-de-vos-orchidees-va-considerablement-accelerer-leur-fleuraison\/\" rel=\"bookmark\">Cet objet, \u00e0 placer \u00e0 c\u00f4t\u00e9 de vos orchid\u00e9es va consid\u00e9rablement acc\u00e9l\u00e9rer leur fleuraison<\/a><\/h3><p class=\"entry-summary\">En r\u00e9sum\u00e9 \ud83c\udf42Nourrir les oiseaux en automne: pourquoi cette pratique bien intentionn\u00e9e<span>&hellip;<\/span><\/p>\r\n\t\t\t            <div class=\"p-meta\">\r\n                <div class=\"meta-inner is-meta\">\r\n\t\t\t\t\t        <a class=\"meta-el meta-avatar\" href=\"https:\/\/agri-meteo.fr\/blog\/author\/quentin\/\"><img alt='Quentin' src='https:\/\/secure.gravatar.com\/avatar\/5fae9611bf19f6fcb734b7e1051f342d5f6f695d3577fb883c87edb2b70799c0?s=44&#038;d=mm&#038;r=g' srcset='https:\/\/secure.gravatar.com\/avatar\/5fae9611bf19f6fcb734b7e1051f342d5f6f695d3577fb883c87edb2b70799c0?s=88&#038;d=mm&#038;r=g 2x' class='avatar avatar-44 photo' height='44' width='44' \/><\/a>\r\n\t\t<span class=\"meta-el meta-author\">\r\n\t\t        <a href=\"https:\/\/agri-meteo.fr\/blog\/author\/quentin\/\">Quentin<\/a>\r\n\t\t        <\/span>\r\n\t\t                <\/div>\r\n\t\t\t\t            <\/div>\r\n\t\t        <\/div>\r\n\t        <div class=\"p-wrap p-grid p-grid-2\" data-pid=\"3789\">\r\n\t            <div class=\"feat-holder\">        <div class=\"p-featured\">\r\n\t\t\t        <a class=\"p-flink\" href=\"https:\/\/agri-meteo.fr\/blog\/cest-lautomne-voici-comment-attirer-facilement-ce-magnifique-oiseau-dans-votre-jardin\/\" title=\"C&#8217;est l&#8217;automne : Voici comment attirer facilement ce magnifique oiseau dans votre jardin\">\r\n\t\t\t<img decoding=\"async\" width=\"420\" height=\"280\" src=\"https:\/\/agri-meteo.fr\/blog\/wp-content\/uploads\/2024\/10\/cest-lautomne-voici-comment-attirer-facilement-ce-magnifique-oiseau-dans-votre-jardin-420x280.jpg\" class=\"featured-img wp-post-image\" alt=\"\" loading=\"lazy\" \/>        <\/a>\r\n\t\t        <\/div>\r\n\t<\/div>\r\n\t\t<div class=\"p-categories p-top\"><a class=\"p-category category-id-71\" href=\"https:\/\/agri-meteo.fr\/blog\/jardin\/\" rel=\"category\">Jardin<\/a><\/div><h3 class=\"entry-title\">        <a class=\"p-url\" href=\"https:\/\/agri-meteo.fr\/blog\/cest-lautomne-voici-comment-attirer-facilement-ce-magnifique-oiseau-dans-votre-jardin\/\" rel=\"bookmark\">C&#8217;est l&#8217;automne : Voici comment attirer facilement ce magnifique oiseau dans votre jardin<\/a><\/h3><p class=\"entry-summary\">&nbsp; En r\u00e9sum\u00e9 \ud83c\udf42 D\u00e9couvrez le chardonneret \u00e9l\u00e9gant, un \u00e9clatant visiteur automnal<span>&hellip;<\/span><\/p>\r\n\t\t\t            <div class=\"p-meta\">\r\n                <div class=\"meta-inner is-meta\">\r\n\t\t\t\t\t        <a class=\"meta-el meta-avatar\" href=\"https:\/\/agri-meteo.fr\/blog\/author\/quentin\/\"><img alt='Quentin' src='https:\/\/secure.gravatar.com\/avatar\/5fae9611bf19f6fcb734b7e1051f342d5f6f695d3577fb883c87edb2b70799c0?s=44&#038;d=mm&#038;r=g' srcset='https:\/\/secure.gravatar.com\/avatar\/5fae9611bf19f6fcb734b7e1051f342d5f6f695d3577fb883c87edb2b70799c0?s=88&#038;d=mm&#038;r=g 2x' class='avatar avatar-44 photo' height='44' width='44' \/><\/a>\r\n\t\t<span class=\"meta-el meta-author\">\r\n\t\t        <a href=\"https:\/\/agri-meteo.fr\/blog\/author\/quentin\/\">Quentin<\/a>\r\n\t\t        <\/span>\r\n\t\t                <\/div>\r\n\t\t\t\t            <\/div>\r\n\t\t        <\/div>\r\n\t        <div class=\"p-wrap p-grid p-grid-2\" data-pid=\"3786\">\r\n\t            <div class=\"feat-holder\">        <div class=\"p-featured\">\r\n\t\t\t        <a class=\"p-flink\" href=\"https:\/\/agri-meteo.fr\/blog\/meteo-sortez-vos-parapluies-voici-ce-qui-vous-attend-pour-le-mois-doctobre-2\/\" title=\"M\u00e9t\u00e9o : Sortez vos parapluies ! Voici ce qui vous attend pour le mois d&#8217;Octobre\">\r\n\t\t\t<img decoding=\"async\" width=\"420\" height=\"280\" src=\"https:\/\/agri-meteo.fr\/blog\/wp-content\/uploads\/2024\/10\/meteo-sortez-vos-parapluies-voici-ce-qui-vous-attend-pour-le-mois-doctobre-2-1-420x280.jpg\" class=\"featured-img wp-post-image\" alt=\"\" loading=\"lazy\" \/>        <\/a>\r\n\t\t        <\/div>\r\n\t<\/div>\r\n\t\t<div class=\"p-categories p-top\"><a class=\"p-category category-id-72\" href=\"https:\/\/agri-meteo.fr\/blog\/meteo\/\" rel=\"category\">M\u00e9t\u00e9o<\/a><\/div><h3 class=\"entry-title\">        <a class=\"p-url\" href=\"https:\/\/agri-meteo.fr\/blog\/meteo-sortez-vos-parapluies-voici-ce-qui-vous-attend-pour-le-mois-doctobre-2\/\" rel=\"bookmark\">M\u00e9t\u00e9o : Sortez vos parapluies ! Voici ce qui vous attend pour le mois d&#8217;Octobre<\/a><\/h3><p class=\"entry-summary\">En r\u00e9sum\u00e9 \ud83c\udf27\ufe0f Temps instable avec pluies abondantes et orages violents pr\u00e9vus<span>&hellip;<\/span><\/p>\r\n\t\t\t            <div class=\"p-meta\">\r\n                <div class=\"meta-inner is-meta\">\r\n\t\t\t\t\t        <a class=\"meta-el meta-avatar\" href=\"https:\/\/agri-meteo.fr\/blog\/author\/quentin\/\"><img alt='Quentin' src='https:\/\/secure.gravatar.com\/avatar\/5fae9611bf19f6fcb734b7e1051f342d5f6f695d3577fb883c87edb2b70799c0?s=44&#038;d=mm&#038;r=g' srcset='https:\/\/secure.gravatar.com\/avatar\/5fae9611bf19f6fcb734b7e1051f342d5f6f695d3577fb883c87edb2b70799c0?s=88&#038;d=mm&#038;r=g 2x' class='avatar avatar-44 photo' height='44' width='44' \/><\/a>\r\n\t\t<span class=\"meta-el meta-author\">\r\n\t\t        <a href=\"https:\/\/agri-meteo.fr\/blog\/author\/quentin\/\">Quentin<\/a>\r\n\t\t        <\/span>\r\n\t\t                <\/div>\r\n\t\t\t\t            <\/div>\r\n\t\t        <\/div>\r\n\t        <div class=\"p-wrap p-grid p-grid-2\" data-pid=\"3771\">\r\n\t            <div class=\"feat-holder\">        <div class=\"p-featured\">\r\n\t\t\t        <a class=\"p-flink\" href=\"https:\/\/agri-meteo.fr\/blog\/un-jardinier-devoile-ce-quil-faut-absolument-faire-au-jardin-en-octobre\/\" title=\"Un jardinier d\u00e9voile ce qu&#8217;il faut absolument faire au jardin en Octobre\">\r\n\t\t\t<img decoding=\"async\" width=\"420\" height=\"280\" src=\"https:\/\/agri-meteo.fr\/blog\/wp-content\/uploads\/2024\/10\/un-jardinier-devoile-ce-quil-faut-absolument-faire-au-jardin-en-octobre-420x280.jpg\" class=\"featured-img wp-post-image\" alt=\"https:\/\/body-beauty.nl\/wp-content\/uploads\/2024\/10\/un-jardinier-devoile-ce-quil-faut-absolument-faire-au-jardin-en-octobre.jpg\" loading=\"lazy\" \/>        <\/a>\r\n\t\t        <\/div>\r\n\t<\/div>\r\n\t\t<div class=\"p-categories p-top\"><a class=\"p-category category-id-71\" href=\"https:\/\/agri-meteo.fr\/blog\/jardin\/\" rel=\"category\">Jardin<\/a><\/div><h3 class=\"entry-title\">        <a class=\"p-url\" href=\"https:\/\/agri-meteo.fr\/blog\/un-jardinier-devoile-ce-quil-faut-absolument-faire-au-jardin-en-octobre\/\" rel=\"bookmark\">Un jardinier d\u00e9voile ce qu&#8217;il faut absolument faire au jardin en Octobre<\/a><\/h3><p class=\"entry-summary\">En r\u00e9sum\u00e9 \ud83c\udf3f Soins sp\u00e9cifiques des plantes en octobre, utilisation des feuilles<span>&hellip;<\/span><\/p>\r\n\t\t\t            <div class=\"p-meta\">\r\n                <div class=\"meta-inner is-meta\">\r\n\t\t\t\t\t        <a class=\"meta-el meta-avatar\" href=\"https:\/\/agri-meteo.fr\/blog\/author\/quentin\/\"><img alt='Quentin' src='https:\/\/secure.gravatar.com\/avatar\/5fae9611bf19f6fcb734b7e1051f342d5f6f695d3577fb883c87edb2b70799c0?s=44&#038;d=mm&#038;r=g' srcset='https:\/\/secure.gravatar.com\/avatar\/5fae9611bf19f6fcb734b7e1051f342d5f6f695d3577fb883c87edb2b70799c0?s=88&#038;d=mm&#038;r=g 2x' class='avatar avatar-44 photo' height='44' width='44' \/><\/a>\r\n\t\t<span class=\"meta-el meta-author\">\r\n\t\t        <a href=\"https:\/\/agri-meteo.fr\/blog\/author\/quentin\/\">Quentin<\/a>\r\n\t\t        <\/span>\r\n\t\t                <\/div>\r\n\t\t\t\t            <\/div>\r\n\t\t        <\/div>\r\n\t        <div class=\"p-wrap p-grid p-grid-2\" data-pid=\"3757\">\r\n\t            <div class=\"feat-holder\">        <div class=\"p-featured\">\r\n\t\t\t        <a class=\"p-flink\" href=\"https:\/\/agri-meteo.fr\/blog\/fetez-le-jour-de-lan-autrement-7-traditions-du-monde-entier-a-adopter-cette-annee\/\" title=\"F\u00eatez le jour de l&#8217;an autrement : 7 traditions du monde entier \u00e0 adopter cette ann\u00e9e\">\r\n\t\t\t<img decoding=\"async\" width=\"420\" height=\"280\" src=\"https:\/\/agri-meteo.fr\/blog\/wp-content\/uploads\/2023\/12\/jour-de-lan-420x280.jpg\" class=\"featured-img wp-post-image\" alt=\"\" loading=\"lazy\" \/>        <\/a>\r\n\t\t        <\/div>\r\n\t<\/div>\r\n\t\t<div class=\"p-categories p-top\"><a class=\"p-category category-id-3\" href=\"https:\/\/agri-meteo.fr\/blog\/insolite\/\" rel=\"category\">Insolite<\/a><\/div><h3 class=\"entry-title\">        <a class=\"p-url\" href=\"https:\/\/agri-meteo.fr\/blog\/fetez-le-jour-de-lan-autrement-7-traditions-du-monde-entier-a-adopter-cette-annee\/\" rel=\"bookmark\">F\u00eatez le jour de l&#8217;an autrement : 7 traditions du monde entier \u00e0 adopter cette ann\u00e9e<\/a><\/h3><p class=\"entry-summary\">Chaque ann\u00e9e, le monde entier c\u00e9l\u00e8bre la fin d'une ann\u00e9e et le<span>&hellip;<\/span><\/p>\r\n\t\t\t            <div class=\"p-meta\">\r\n                <div class=\"meta-inner is-meta\">\r\n\t\t\t\t\t        <a class=\"meta-el meta-avatar\" href=\"https:\/\/agri-meteo.fr\/blog\/author\/romain\/\"><img alt='Romain' src='https:\/\/secure.gravatar.com\/avatar\/249957827c7f5f5f8cb81e060f0a773f8d5c227cda83920ace95803aedccf166?s=44&#038;d=mm&#038;r=g' srcset='https:\/\/secure.gravatar.com\/avatar\/249957827c7f5f5f8cb81e060f0a773f8d5c227cda83920ace95803aedccf166?s=88&#038;d=mm&#038;r=g 2x' class='avatar avatar-44 photo' height='44' width='44' \/><\/a>\r\n\t\t<span class=\"meta-el meta-author\">\r\n\t\t        <a href=\"https:\/\/agri-meteo.fr\/blog\/author\/romain\/\">Romain<\/a>\r\n\t\t        <\/span>\r\n\t\t                <\/div>\r\n\t\t\t\t            <\/div>\r\n\t\t        <\/div>\r\n\t        <div class=\"p-wrap p-grid p-grid-2\" data-pid=\"3752\">\r\n\t            <div class=\"feat-holder\">        <div class=\"p-featured\">\r\n\t\t\t        <a class=\"p-flink\" href=\"https:\/\/agri-meteo.fr\/blog\/6-activites-originales-a-faire-cet-hiver-pour-les-fans-de-montagne\/\" title=\"6 activit\u00e9s originales \u00e0 faire cet hiver pour les fans de montagne\">\r\n\t\t\t<img decoding=\"async\" width=\"420\" height=\"280\" src=\"https:\/\/agri-meteo.fr\/blog\/wp-content\/uploads\/2023\/12\/hiver-420x280.jpg\" class=\"featured-img wp-post-image\" alt=\"\" loading=\"lazy\" \/>        <\/a>\r\n\t\t        <\/div>\r\n\t<\/div>\r\n\t\t<div class=\"p-categories p-top\"><a class=\"p-category category-id-3\" href=\"https:\/\/agri-meteo.fr\/blog\/insolite\/\" rel=\"category\">Insolite<\/a><\/div><h3 class=\"entry-title\">        <a class=\"p-url\" href=\"https:\/\/agri-meteo.fr\/blog\/6-activites-originales-a-faire-cet-hiver-pour-les-fans-de-montagne\/\" rel=\"bookmark\">6 activit\u00e9s originales \u00e0 faire cet hiver pour les fans de montagne<\/a><\/h3><p class=\"entry-summary\">Pour les amoureux de la montagne, les paysages enneig\u00e9s offrent des images<span>&hellip;<\/span><\/p>\r\n\t\t\t            <div class=\"p-meta\">\r\n                <div class=\"meta-inner is-meta\">\r\n\t\t\t\t\t        <a class=\"meta-el meta-avatar\" href=\"https:\/\/agri-meteo.fr\/blog\/author\/maeva\/\"><img alt='Ma\u00ebva' src='https:\/\/secure.gravatar.com\/avatar\/8fdf83d12bec208e62de22996bf71d66e224657aed699fcd9855b2adae95869f?s=44&#038;d=mm&#038;r=g' srcset='https:\/\/secure.gravatar.com\/avatar\/8fdf83d12bec208e62de22996bf71d66e224657aed699fcd9855b2adae95869f?s=88&#038;d=mm&#038;r=g 2x' class='avatar avatar-44 photo' height='44' width='44' \/><\/a>\r\n\t\t<span class=\"meta-el meta-author\">\r\n\t\t        <a href=\"https:\/\/agri-meteo.fr\/blog\/author\/maeva\/\">Ma\u00ebva<\/a>\r\n\t\t        <\/span>\r\n\t\t                <\/div>\r\n\t\t\t\t            <\/div>\r\n\t\t        <\/div>\r\n\t        <div class=\"p-wrap p-grid p-grid-2\" data-pid=\"3747\">\r\n\t            <div class=\"feat-holder\">        <div class=\"p-featured\">\r\n\t\t\t        <a class=\"p-flink\" href=\"https:\/\/agri-meteo.fr\/blog\/noel-autrement-top-5-des-destinations-pour-des-vacances-de-reve\/\" title=\"No\u00ebl autrement : top 5 des destinations pour des vacances de r\u00eave\">\r\n\t\t\t<img decoding=\"async\" width=\"420\" height=\"280\" src=\"https:\/\/agri-meteo.fr\/blog\/wp-content\/uploads\/2023\/12\/vacances-420x280.jpg\" class=\"featured-img wp-post-image\" alt=\"\" loading=\"lazy\" \/>        <\/a>\r\n\t\t        <\/div>\r\n\t<\/div>\r\n\t\t<div class=\"p-categories p-top\"><a class=\"p-category category-id-4\" href=\"https:\/\/agri-meteo.fr\/blog\/voyages\/\" rel=\"category\">Voyages<\/a><\/div><h3 class=\"entry-title\">        <a class=\"p-url\" href=\"https:\/\/agri-meteo.fr\/blog\/noel-autrement-top-5-des-destinations-pour-des-vacances-de-reve\/\" rel=\"bookmark\">No\u00ebl autrement : top 5 des destinations pour des vacances de r\u00eave<\/a><\/h3><p class=\"entry-summary\">La p\u00e9riode de No\u00ebl est traditionnellement associ\u00e9e \u00e0 des sc\u00e8nes hivernales, des<span>&hellip;<\/span><\/p>\r\n\t\t\t            <div class=\"p-meta\">\r\n                <div class=\"meta-inner is-meta\">\r\n\t\t\t\t\t        <a class=\"meta-el meta-avatar\" href=\"https:\/\/agri-meteo.fr\/blog\/author\/romain\/\"><img alt='Romain' src='https:\/\/secure.gravatar.com\/avatar\/249957827c7f5f5f8cb81e060f0a773f8d5c227cda83920ace95803aedccf166?s=44&#038;d=mm&#038;r=g' srcset='https:\/\/secure.gravatar.com\/avatar\/249957827c7f5f5f8cb81e060f0a773f8d5c227cda83920ace95803aedccf166?s=88&#038;d=mm&#038;r=g 2x' class='avatar avatar-44 photo' height='44' width='44' \/><\/a>\r\n\t\t<span class=\"meta-el meta-author\">\r\n\t\t        <a href=\"https:\/\/agri-meteo.fr\/blog\/author\/romain\/\">Romain<\/a>\r\n\t\t        <\/span>\r\n\t\t                <\/div>\r\n\t\t\t\t            <\/div>\r\n\t\t        <\/div>\r\n\t        <div class=\"p-wrap p-grid p-grid-2\" data-pid=\"3742\">\r\n\t            <div class=\"feat-holder\">        <div class=\"p-featured\">\r\n\t\t\t        <a class=\"p-flink\" href=\"https:\/\/agri-meteo.fr\/blog\/les-meilleurs-marches-de-noel-2023-a-visiter-en-france-pendant-les-vacances\/\" title=\"Les meilleurs march\u00e9s de no\u00ebl 2023 \u00e0 visiter en France pendant les vacances\">\r\n\t\t\t<img decoding=\"async\" width=\"420\" height=\"280\" src=\"https:\/\/agri-meteo.fr\/blog\/wp-content\/uploads\/2023\/12\/marche-de-noel-420x280.jpg\" class=\"featured-img wp-post-image\" alt=\"\" loading=\"lazy\" \/>        <\/a>\r\n\t\t        <\/div>\r\n\t<\/div>\r\n\t\t<div class=\"p-categories p-top\"><a class=\"p-category category-id-3\" href=\"https:\/\/agri-meteo.fr\/blog\/insolite\/\" rel=\"category\">Insolite<\/a><\/div><h3 class=\"entry-title\">        <a class=\"p-url\" href=\"https:\/\/agri-meteo.fr\/blog\/les-meilleurs-marches-de-noel-2023-a-visiter-en-france-pendant-les-vacances\/\" rel=\"bookmark\">Les meilleurs march\u00e9s de no\u00ebl 2023 \u00e0 visiter en France pendant les vacances<\/a><\/h3><p class=\"entry-summary\">No\u00ebl est une p\u00e9riode magique de l'ann\u00e9e, et la France offre une<span>&hellip;<\/span><\/p>\r\n\t\t\t            <div class=\"p-meta\">\r\n                <div class=\"meta-inner is-meta\">\r\n\t\t\t\t\t        <a class=\"meta-el meta-avatar\" href=\"https:\/\/agri-meteo.fr\/blog\/author\/maeva\/\"><img alt='Ma\u00ebva' src='https:\/\/secure.gravatar.com\/avatar\/8fdf83d12bec208e62de22996bf71d66e224657aed699fcd9855b2adae95869f?s=44&#038;d=mm&#038;r=g' srcset='https:\/\/secure.gravatar.com\/avatar\/8fdf83d12bec208e62de22996bf71d66e224657aed699fcd9855b2adae95869f?s=88&#038;d=mm&#038;r=g 2x' class='avatar avatar-44 photo' height='44' width='44' \/><\/a>\r\n\t\t<span class=\"meta-el meta-author\">\r\n\t\t        <a href=\"https:\/\/agri-meteo.fr\/blog\/author\/maeva\/\">Ma\u00ebva<\/a>\r\n\t\t        <\/span>\r\n\t\t                <\/div>\r\n\t\t\t\t            <\/div>\r\n\t\t        <\/div>\r\n\t        <div class=\"p-wrap p-grid p-grid-2\" data-pid=\"3762\">\r\n\t            <div class=\"feat-holder\">        <div class=\"p-featured\">\r\n\t\t\t        <a class=\"p-flink\" href=\"https:\/\/agri-meteo.fr\/blog\/comment-avoir-un-noel-plus-eco-responsable-cette-annee\/\" title=\"Comment avoir un no\u00ebl plus \u00e9co-responsable cette ann\u00e9e ?\">\r\n\t\t\t<img decoding=\"async\" width=\"420\" height=\"280\" src=\"https:\/\/agri-meteo.fr\/blog\/wp-content\/uploads\/2023\/12\/eco-responsable-420x280.jpg\" class=\"featured-img wp-post-image\" alt=\"\" loading=\"lazy\" \/>        <\/a>\r\n\t\t        <\/div>\r\n\t<\/div>\r\n\t\t<div class=\"p-categories p-top\"><a class=\"p-category category-id-3\" href=\"https:\/\/agri-meteo.fr\/blog\/insolite\/\" rel=\"category\">Insolite<\/a><\/div><h3 class=\"entry-title\">        <a class=\"p-url\" href=\"https:\/\/agri-meteo.fr\/blog\/comment-avoir-un-noel-plus-eco-responsable-cette-annee\/\" rel=\"bookmark\">Comment avoir un no\u00ebl plus \u00e9co-responsable cette ann\u00e9e ?<\/a><\/h3><p class=\"entry-summary\">Les f\u00eates de fin d'ann\u00e9e sont traditionnellement associ\u00e9es \u00e0 la joie, aux<span>&hellip;<\/span><\/p>\r\n\t\t\t            <div class=\"p-meta\">\r\n                <div class=\"meta-inner is-meta\">\r\n\t\t\t\t\t        <a class=\"meta-el meta-avatar\" href=\"https:\/\/agri-meteo.fr\/blog\/author\/maeva\/\"><img alt='Ma\u00ebva' src='https:\/\/secure.gravatar.com\/avatar\/8fdf83d12bec208e62de22996bf71d66e224657aed699fcd9855b2adae95869f?s=44&#038;d=mm&#038;r=g' srcset='https:\/\/secure.gravatar.com\/avatar\/8fdf83d12bec208e62de22996bf71d66e224657aed699fcd9855b2adae95869f?s=88&#038;d=mm&#038;r=g 2x' class='avatar avatar-44 photo' height='44' width='44' \/><\/a>\r\n\t\t<span class=\"meta-el meta-author\">\r\n\t\t        <a href=\"https:\/\/agri-meteo.fr\/blog\/author\/maeva\/\">Ma\u00ebva<\/a>\r\n\t\t        <\/span>\r\n\t\t                <\/div>\r\n\t\t\t\t            <\/div>\r\n\t\t        <\/div>\r\n\t        <div class=\"p-wrap p-grid p-grid-2\" data-pid=\"3734\">\r\n\t            <div class=\"feat-holder\">        <div class=\"p-featured\">\r\n\t\t\t        <a class=\"p-flink\" href=\"https:\/\/agri-meteo.fr\/blog\/preparation-des-vacances-de-noel-comment-gerer-son-budget-de-maniere-efficace\/\" title=\"Pr\u00e9paration des vacances de no\u00ebl : comment g\u00e9rer son budget de mani\u00e8re efficace ?\">\r\n\t\t\t<img decoding=\"async\" width=\"420\" height=\"280\" src=\"https:\/\/agri-meteo.fr\/blog\/wp-content\/uploads\/2023\/12\/budget-vacance-420x280.jpg\" class=\"featured-img wp-post-image\" alt=\"\" loading=\"lazy\" \/>        <\/a>\r\n\t\t        <\/div>\r\n\t<\/div>\r\n\t\t<div class=\"p-categories p-top\"><a class=\"p-category category-id-3\" href=\"https:\/\/agri-meteo.fr\/blog\/insolite\/\" rel=\"category\">Insolite<\/a><\/div><h3 class=\"entry-title\">        <a class=\"p-url\" href=\"https:\/\/agri-meteo.fr\/blog\/preparation-des-vacances-de-noel-comment-gerer-son-budget-de-maniere-efficace\/\" rel=\"bookmark\">Pr\u00e9paration des vacances de no\u00ebl : comment g\u00e9rer son budget de mani\u00e8re efficace ?<\/a><\/h3><p class=\"entry-summary\">La p\u00e9riode des f\u00eates de fin d'ann\u00e9e est synonyme de joie, de<span>&hellip;<\/span><\/p>\r\n\t\t\t            <div class=\"p-meta\">\r\n                <div class=\"meta-inner is-meta\">\r\n\t\t\t\t\t        <a class=\"meta-el meta-avatar\" href=\"https:\/\/agri-meteo.fr\/blog\/author\/maeva\/\"><img alt='Ma\u00ebva' src='https:\/\/secure.gravatar.com\/avatar\/8fdf83d12bec208e62de22996bf71d66e224657aed699fcd9855b2adae95869f?s=44&#038;d=mm&#038;r=g' srcset='https:\/\/secure.gravatar.com\/avatar\/8fdf83d12bec208e62de22996bf71d66e224657aed699fcd9855b2adae95869f?s=88&#038;d=mm&#038;r=g 2x' class='avatar avatar-44 photo' height='44' width='44' \/><\/a>\r\n\t\t<span class=\"meta-el meta-author\">\r\n\t\t        <a href=\"https:\/\/agri-meteo.fr\/blog\/author\/maeva\/\">Ma\u00ebva<\/a>\r\n\t\t        <\/span>\r\n\t\t                <\/div>\r\n\t\t\t\t            <\/div>\r\n\t\t        <\/div>\r\n\t        <div class=\"p-wrap p-grid p-grid-2\" data-pid=\"3730\">\r\n\t            <div class=\"feat-holder\">        <div class=\"p-featured\">\r\n\t\t\t        <a class=\"p-flink\" href=\"https:\/\/agri-meteo.fr\/blog\/quelle-meteo-pour-ce-weekend\/\" title=\"Quelle m\u00e9t\u00e9o pour ce weekend ?\">\r\n\t\t\t<img decoding=\"async\" width=\"420\" height=\"280\" src=\"https:\/\/agri-meteo.fr\/blog\/wp-content\/uploads\/2023\/12\/temperature-decembre-420x280.jpg\" class=\"featured-img wp-post-image\" alt=\"\" loading=\"lazy\" \/>        <\/a>\r\n\t\t        <\/div>\r\n\t<\/div>\r\n\t\t<div class=\"p-categories p-top\"><a class=\"p-category category-id-3\" href=\"https:\/\/agri-meteo.fr\/blog\/insolite\/\" rel=\"category\">Insolite<\/a><\/div><h3 class=\"entry-title\">        <a class=\"p-url\" href=\"https:\/\/agri-meteo.fr\/blog\/quelle-meteo-pour-ce-weekend\/\" rel=\"bookmark\">Quelle m\u00e9t\u00e9o pour ce weekend ?<\/a><\/h3><p class=\"entry-summary\">La m\u00e9t\u00e9o joue un r\u00f4le crucial dans la planification de nos activit\u00e9s<span>&hellip;<\/span><\/p>\r\n\t\t\t            <div class=\"p-meta\">\r\n                <div class=\"meta-inner is-meta\">\r\n\t\t\t\t\t        <a class=\"meta-el meta-avatar\" href=\"https:\/\/agri-meteo.fr\/blog\/author\/maeva\/\"><img alt='Ma\u00ebva' src='https:\/\/secure.gravatar.com\/avatar\/8fdf83d12bec208e62de22996bf71d66e224657aed699fcd9855b2adae95869f?s=44&#038;d=mm&#038;r=g' srcset='https:\/\/secure.gravatar.com\/avatar\/8fdf83d12bec208e62de22996bf71d66e224657aed699fcd9855b2adae95869f?s=88&#038;d=mm&#038;r=g 2x' class='avatar avatar-44 photo' height='44' width='44' \/><\/a>\r\n\t\t<span class=\"meta-el meta-author\">\r\n\t\t        <a href=\"https:\/\/agri-meteo.fr\/blog\/author\/maeva\/\">Ma\u00ebva<\/a>\r\n\t\t        <\/span>\r\n\t\t                <\/div>\r\n\t\t\t\t            <\/div>\r\n\t\t        <\/div>\r\n\t        <div class=\"p-wrap p-grid p-grid-2\" data-pid=\"3722\">\r\n\t            <div class=\"feat-holder\">        <div class=\"p-featured\">\r\n\t\t\t        <a class=\"p-flink\" href=\"https:\/\/agri-meteo.fr\/blog\/prevision-meteo-du-18-au-24-decembre-surprise-climatique\/\" title=\"Les pr\u00e9visions m\u00e9t\u00e9o de No\u00ebl 2023 : bonhomme de neige ou parapluie ?\">\r\n\t\t\t<img decoding=\"async\" width=\"420\" height=\"280\" src=\"https:\/\/agri-meteo.fr\/blog\/wp-content\/uploads\/2023\/12\/meteo-jour-de-lan-420x280.jpg\" class=\"featured-img wp-post-image\" alt=\"\" loading=\"lazy\" \/>        <\/a>\r\n\t\t        <\/div>\r\n\t<\/div>\r\n\t\t<div class=\"p-categories p-top\"><a class=\"p-category category-id-3\" href=\"https:\/\/agri-meteo.fr\/blog\/insolite\/\" rel=\"category\">Insolite<\/a><\/div><h3 class=\"entry-title\">        <a class=\"p-url\" href=\"https:\/\/agri-meteo.fr\/blog\/prevision-meteo-du-18-au-24-decembre-surprise-climatique\/\" rel=\"bookmark\">Les pr\u00e9visions m\u00e9t\u00e9o de No\u00ebl 2023 : bonhomme de neige ou parapluie ?<\/a><\/h3><p class=\"entry-summary\">La m\u00e9t\u00e9o de la semaine du 18 au 24 d\u00e9cembre 2023 va<span>&hellip;<\/span><\/p>\r\n\t\t\t            <div class=\"p-meta\">\r\n                <div class=\"meta-inner is-meta\">\r\n\t\t\t\t\t        <a class=\"meta-el meta-avatar\" href=\"https:\/\/agri-meteo.fr\/blog\/author\/maeva\/\"><img alt='Ma\u00ebva' src='https:\/\/secure.gravatar.com\/avatar\/8fdf83d12bec208e62de22996bf71d66e224657aed699fcd9855b2adae95869f?s=44&#038;d=mm&#038;r=g' srcset='https:\/\/secure.gravatar.com\/avatar\/8fdf83d12bec208e62de22996bf71d66e224657aed699fcd9855b2adae95869f?s=88&#038;d=mm&#038;r=g 2x' class='avatar avatar-44 photo' height='44' width='44' \/><\/a>\r\n\t\t<span class=\"meta-el meta-author\">\r\n\t\t        <a href=\"https:\/\/agri-meteo.fr\/blog\/author\/maeva\/\">Ma\u00ebva<\/a>\r\n\t\t        <\/span>\r\n\t\t                <\/div>\r\n\t\t\t\t            <\/div>\r\n\t\t        <\/div>\r\n\t        <div class=\"p-wrap p-grid p-grid-2\" data-pid=\"3716\">\r\n\t            <div class=\"feat-holder\">        <div class=\"p-featured\">\r\n\t\t\t        <a class=\"p-flink\" href=\"https:\/\/agri-meteo.fr\/blog\/10-activites-a-faire-pour-les-vacances-de-noel\/\" title=\"10 activit\u00e9s \u00e0 faire pour les vacances de No\u00ebl\">\r\n\t\t\t<img decoding=\"async\" width=\"420\" height=\"280\" src=\"https:\/\/agri-meteo.fr\/blog\/wp-content\/uploads\/2023\/12\/activite-noel-420x280.jpg\" class=\"featured-img wp-post-image\" alt=\"\" loading=\"lazy\" \/>        <\/a>\r\n\t\t        <\/div>\r\n\t<\/div>\r\n\t\t<div class=\"p-categories p-top\"><a class=\"p-category category-id-3\" href=\"https:\/\/agri-meteo.fr\/blog\/insolite\/\" rel=\"category\">Insolite<\/a><\/div><h3 class=\"entry-title\">        <a class=\"p-url\" href=\"https:\/\/agri-meteo.fr\/blog\/10-activites-a-faire-pour-les-vacances-de-noel\/\" rel=\"bookmark\">10 activit\u00e9s \u00e0 faire pour les vacances de No\u00ebl<\/a><\/h3><p class=\"entry-summary\">Les vacances de No\u00ebl sont un moment magique, rempli de joie, de<span>&hellip;<\/span><\/p>\r\n\t\t\t            <div class=\"p-meta\">\r\n                <div class=\"meta-inner is-meta\">\r\n\t\t\t\t\t        <a class=\"meta-el meta-avatar\" href=\"https:\/\/agri-meteo.fr\/blog\/author\/maeva\/\"><img alt='Ma\u00ebva' src='https:\/\/secure.gravatar.com\/avatar\/8fdf83d12bec208e62de22996bf71d66e224657aed699fcd9855b2adae95869f?s=44&#038;d=mm&#038;r=g' srcset='https:\/\/secure.gravatar.com\/avatar\/8fdf83d12bec208e62de22996bf71d66e224657aed699fcd9855b2adae95869f?s=88&#038;d=mm&#038;r=g 2x' class='avatar avatar-44 photo' height='44' width='44' \/><\/a>\r\n\t\t<span class=\"meta-el meta-author\">\r\n\t\t        <a href=\"https:\/\/agri-meteo.fr\/blog\/author\/maeva\/\">Ma\u00ebva<\/a>\r\n\t\t        <\/span>\r\n\t\t                <\/div>\r\n\t\t\t\t            <\/div>\r\n\t\t        <\/div>\r\n\t        <div class=\"p-wrap p-grid p-grid-2\" data-pid=\"3711\">\r\n\t            <div class=\"feat-holder\">        <div class=\"p-featured\">\r\n\t\t\t        <a class=\"p-flink\" href=\"https:\/\/agri-meteo.fr\/blog\/10-secrets-des-randonneurs-pro-quand-les-temperatures-commencent-a-baisser\/\" title=\"10 secrets des randonneurs pro quand les temp\u00e9ratures commencent \u00e0 baisser\">\r\n\t\t\t<img decoding=\"async\" width=\"420\" height=\"280\" src=\"https:\/\/agri-meteo.fr\/blog\/wp-content\/uploads\/2023\/12\/diverse_group_of_people-420x280.png\" class=\"featured-img wp-post-image\" alt=\"\" loading=\"lazy\" \/>        <\/a>\r\n\t\t        <\/div>\r\n\t<\/div>\r\n\t\t<div class=\"p-categories p-top\"><a class=\"p-category category-id-5\" href=\"https:\/\/agri-meteo.fr\/blog\/randonnees\/\" rel=\"category\">Randonn\u00e9es<\/a><\/div><h3 class=\"entry-title\">        <a class=\"p-url\" href=\"https:\/\/agri-meteo.fr\/blog\/10-secrets-des-randonneurs-pro-quand-les-temperatures-commencent-a-baisser\/\" rel=\"bookmark\">10 secrets des randonneurs pro quand les temp\u00e9ratures commencent \u00e0 baisser<\/a><\/h3><p class=\"entry-summary\">L'arriv\u00e9e de l'automne et de l'hiver peut rendre les randonn\u00e9es en plein<span>&hellip;<\/span><\/p>\r\n\t\t\t            <div class=\"p-meta\">\r\n                <div class=\"meta-inner is-meta\">\r\n\t\t\t\t\t        <a class=\"meta-el meta-avatar\" href=\"https:\/\/agri-meteo.fr\/blog\/author\/romain\/\"><img alt='Romain' src='https:\/\/secure.gravatar.com\/avatar\/249957827c7f5f5f8cb81e060f0a773f8d5c227cda83920ace95803aedccf166?s=44&#038;d=mm&#038;r=g' srcset='https:\/\/secure.gravatar.com\/avatar\/249957827c7f5f5f8cb81e060f0a773f8d5c227cda83920ace95803aedccf166?s=88&#038;d=mm&#038;r=g 2x' class='avatar avatar-44 photo' height='44' width='44' \/><\/a>\r\n\t\t<span class=\"meta-el meta-author\">\r\n\t\t        <a href=\"https:\/\/agri-meteo.fr\/blog\/author\/romain\/\">Romain<\/a>\r\n\t\t        <\/span>\r\n\t\t                <\/div>\r\n\t\t\t\t            <\/div>\r\n\t\t        <\/div>\r\n\t        <div class=\"p-wrap p-grid p-grid-2\" data-pid=\"3706\">\r\n\t            <div class=\"feat-holder\">        <div class=\"p-featured\">\r\n\t\t\t        <a class=\"p-flink\" href=\"https:\/\/agri-meteo.fr\/blog\/comment-choisir-son-couteau-de-survie\/\" title=\"Comment choisir son couteau de survie ?\">\r\n\t\t\t<img decoding=\"async\" width=\"420\" height=\"280\" src=\"https:\/\/agri-meteo.fr\/blog\/wp-content\/uploads\/2023\/12\/man_making_campfire-420x280.png\" class=\"featured-img wp-post-image\" alt=\"\" loading=\"lazy\" \/>        <\/a>\r\n\t\t        <\/div>\r\n\t<\/div>\r\n\t\t<div class=\"p-categories p-top\"><a class=\"p-category category-id-5\" href=\"https:\/\/agri-meteo.fr\/blog\/randonnees\/\" rel=\"category\">Randonn\u00e9es<\/a><\/div><h3 class=\"entry-title\">        <a class=\"p-url\" href=\"https:\/\/agri-meteo.fr\/blog\/comment-choisir-son-couteau-de-survie\/\" rel=\"bookmark\">Comment choisir son couteau de survie ?<\/a><\/h3><p class=\"entry-summary\">Les couteaux de survie sont des outils essentiels pour tous les aventuriers<span>&hellip;<\/span><\/p>\r\n\t\t\t            <div class=\"p-meta\">\r\n                <div class=\"meta-inner is-meta\">\r\n\t\t\t\t\t        <a class=\"meta-el meta-avatar\" href=\"https:\/\/agri-meteo.fr\/blog\/author\/romain\/\"><img alt='Romain' src='https:\/\/secure.gravatar.com\/avatar\/249957827c7f5f5f8cb81e060f0a773f8d5c227cda83920ace95803aedccf166?s=44&#038;d=mm&#038;r=g' srcset='https:\/\/secure.gravatar.com\/avatar\/249957827c7f5f5f8cb81e060f0a773f8d5c227cda83920ace95803aedccf166?s=88&#038;d=mm&#038;r=g 2x' class='avatar avatar-44 photo' height='44' width='44' \/><\/a>\r\n\t\t<span class=\"meta-el meta-author\">\r\n\t\t        <a href=\"https:\/\/agri-meteo.fr\/blog\/author\/romain\/\">Romain<\/a>\r\n\t\t        <\/span>\r\n\t\t                <\/div>\r\n\t\t\t\t            <\/div>\r\n\t\t        <\/div>\r\n\t        <div class=\"p-wrap p-grid p-grid-2\" data-pid=\"3701\">\r\n\t            <div class=\"feat-holder\">        <div class=\"p-featured\">\r\n\t\t\t        <a class=\"p-flink\" href=\"https:\/\/agri-meteo.fr\/blog\/quel-impact-les-precipitations-record-prevues-pour-cette-fin-dannee-auront-elles-sur-votre-jardin\/\" title=\"Quel impact les pr\u00e9cipitations record pr\u00e9vues pour cette fin d&#8217;ann\u00e9e auront-elles sur votre jardin ?\">\r\n\t\t\t<img decoding=\"async\" width=\"420\" height=\"280\" src=\"https:\/\/agri-meteo.fr\/blog\/wp-content\/uploads\/2023\/12\/nuage_de_pluie-420x280.png\" class=\"featured-img wp-post-image\" alt=\"\" loading=\"lazy\" \/>        <\/a>\r\n\t\t        <\/div>\r\n\t<\/div>\r\n\t\t<div class=\"p-categories p-top\"><a class=\"p-category category-id-3\" href=\"https:\/\/agri-meteo.fr\/blog\/insolite\/\" rel=\"category\">Insolite<\/a><\/div><h3 class=\"entry-title\">        <a class=\"p-url\" href=\"https:\/\/agri-meteo.fr\/blog\/quel-impact-les-precipitations-record-prevues-pour-cette-fin-dannee-auront-elles-sur-votre-jardin\/\" rel=\"bookmark\">Quel impact les pr\u00e9cipitations record pr\u00e9vues pour cette fin d&#8217;ann\u00e9e auront-elles sur votre jardin ?<\/a><\/h3><p class=\"entry-summary\">Les pr\u00e9visions m\u00e9t\u00e9orologiques pour cette fin d'ann\u00e9e ne sont pas tr\u00e8s r\u00e9jouissantes.<span>&hellip;<\/span><\/p>\r\n\t\t\t            <div class=\"p-meta\">\r\n                <div class=\"meta-inner is-meta\">\r\n\t\t\t\t\t        <a class=\"meta-el meta-avatar\" href=\"https:\/\/agri-meteo.fr\/blog\/author\/maeva\/\"><img alt='Ma\u00ebva' src='https:\/\/secure.gravatar.com\/avatar\/8fdf83d12bec208e62de22996bf71d66e224657aed699fcd9855b2adae95869f?s=44&#038;d=mm&#038;r=g' srcset='https:\/\/secure.gravatar.com\/avatar\/8fdf83d12bec208e62de22996bf71d66e224657aed699fcd9855b2adae95869f?s=88&#038;d=mm&#038;r=g 2x' class='avatar avatar-44 photo' height='44' width='44' \/><\/a>\r\n\t\t<span class=\"meta-el meta-author\">\r\n\t\t        <a href=\"https:\/\/agri-meteo.fr\/blog\/author\/maeva\/\">Ma\u00ebva<\/a>\r\n\t\t        <\/span>\r\n\t\t                <\/div>\r\n\t\t\t\t            <\/div>\r\n\t\t        <\/div>\r\n\t        <div class=\"p-wrap p-grid p-grid-2\" data-pid=\"3696\">\r\n\t            <div class=\"feat-holder\">        <div class=\"p-featured\">\r\n\t\t\t        <a class=\"p-flink\" href=\"https:\/\/agri-meteo.fr\/blog\/7-idees-de-sapins-de-noel-a-fabriquer-soi-meme-diy-noel\/\" title=\"7 id\u00e9es de sapins de No\u00ebl \u00e0 fabriquer soi-m\u00eame (DIY No\u00ebl)\">\r\n\t\t\t<img decoding=\"async\" width=\"420\" height=\"280\" src=\"https:\/\/agri-meteo.fr\/blog\/wp-content\/uploads\/2023\/12\/sapins_de_noel_diy-420x280.png\" class=\"featured-img wp-post-image\" alt=\"\" loading=\"lazy\" \/>        <\/a>\r\n\t\t        <\/div>\r\n\t<\/div>\r\n\t\t<div class=\"p-categories p-top\"><a class=\"p-category category-id-3\" href=\"https:\/\/agri-meteo.fr\/blog\/insolite\/\" rel=\"category\">Insolite<\/a><\/div><h3 class=\"entry-title\">        <a class=\"p-url\" href=\"https:\/\/agri-meteo.fr\/blog\/7-idees-de-sapins-de-noel-a-fabriquer-soi-meme-diy-noel\/\" rel=\"bookmark\">7 id\u00e9es de sapins de No\u00ebl \u00e0 fabriquer soi-m\u00eame (DIY No\u00ebl)<\/a><\/h3><p class=\"entry-summary\">No\u00ebl est la p\u00e9riode par excellence pour laisser votre cr\u00e9ativit\u00e9 s\u2019exprimer. Pourquoi<span>&hellip;<\/span><\/p>\r\n\t\t\t            <div class=\"p-meta\">\r\n                <div class=\"meta-inner is-meta\">\r\n\t\t\t\t\t        <a class=\"meta-el meta-avatar\" href=\"https:\/\/agri-meteo.fr\/blog\/author\/maeva\/\"><img alt='Ma\u00ebva' src='https:\/\/secure.gravatar.com\/avatar\/8fdf83d12bec208e62de22996bf71d66e224657aed699fcd9855b2adae95869f?s=44&#038;d=mm&#038;r=g' srcset='https:\/\/secure.gravatar.com\/avatar\/8fdf83d12bec208e62de22996bf71d66e224657aed699fcd9855b2adae95869f?s=88&#038;d=mm&#038;r=g 2x' class='avatar avatar-44 photo' height='44' width='44' \/><\/a>\r\n\t\t<span class=\"meta-el meta-author\">\r\n\t\t        <a href=\"https:\/\/agri-meteo.fr\/blog\/author\/maeva\/\">Ma\u00ebva<\/a>\r\n\t\t        <\/span>\r\n\t\t                <\/div>\r\n\t\t\t\t            <\/div>\r\n\t\t        <\/div>\r\n\t        <div class=\"p-wrap p-grid p-grid-2\" data-pid=\"3691\">\r\n\t            <div class=\"feat-holder\">        <div class=\"p-featured\">\r\n\t\t\t        <a class=\"p-flink\" href=\"https:\/\/agri-meteo.fr\/blog\/comment-choisir-son-sac-a-dos-de-randonnee\/\" title=\"Comment choisir son sac \u00e0 dos de randonn\u00e9e ?\">\r\n\t\t\t<img decoding=\"async\" width=\"420\" height=\"280\" src=\"https:\/\/agri-meteo.fr\/blog\/wp-content\/uploads\/2023\/12\/hipster_yellow_backpack-420x280.png\" class=\"featured-img wp-post-image\" alt=\"\" loading=\"lazy\" \/>        <\/a>\r\n\t\t        <\/div>\r\n\t<\/div>\r\n\t\t<div class=\"p-categories p-top\"><a class=\"p-category category-id-5\" href=\"https:\/\/agri-meteo.fr\/blog\/randonnees\/\" rel=\"category\">Randonn\u00e9es<\/a><\/div><h3 class=\"entry-title\">        <a class=\"p-url\" href=\"https:\/\/agri-meteo.fr\/blog\/comment-choisir-son-sac-a-dos-de-randonnee\/\" rel=\"bookmark\">Comment choisir son sac \u00e0 dos de randonn\u00e9e ?<\/a><\/h3><p class=\"entry-summary\">Choisir le bon sac \u00e0 dos de randonn\u00e9e est essentiel pour que<span>&hellip;<\/span><\/p>\r\n\t\t\t            <div class=\"p-meta\">\r\n                <div class=\"meta-inner is-meta\">\r\n\t\t\t\t\t        <a class=\"meta-el meta-avatar\" href=\"https:\/\/agri-meteo.fr\/blog\/author\/maeva\/\"><img alt='Ma\u00ebva' src='https:\/\/secure.gravatar.com\/avatar\/8fdf83d12bec208e62de22996bf71d66e224657aed699fcd9855b2adae95869f?s=44&#038;d=mm&#038;r=g' srcset='https:\/\/secure.gravatar.com\/avatar\/8fdf83d12bec208e62de22996bf71d66e224657aed699fcd9855b2adae95869f?s=88&#038;d=mm&#038;r=g 2x' class='avatar avatar-44 photo' height='44' width='44' \/><\/a>\r\n\t\t<span class=\"meta-el meta-author\">\r\n\t\t        <a href=\"https:\/\/agri-meteo.fr\/blog\/author\/maeva\/\">Ma\u00ebva<\/a>\r\n\t\t        <\/span>\r\n\t\t                <\/div>\r\n\t\t\t\t            <\/div>\r\n\t\t        <\/div>\r\n\t        <div class=\"p-wrap p-grid p-grid-2\" data-pid=\"3681\">\r\n\t            <div class=\"feat-holder\">        <div class=\"p-featured\">\r\n\t\t\t        <a class=\"p-flink\" href=\"https:\/\/agri-meteo.fr\/blog\/comment-choisir-son-couteau-de-randonnee\/\" title=\"Comment choisir son couteau de randonn\u00e9e?\">\r\n\t\t\t<img decoding=\"async\" width=\"420\" height=\"280\" src=\"https:\/\/agri-meteo.fr\/blog\/wp-content\/uploads\/2023\/12\/couteau-de-randonnee-2-420x280.png\" class=\"featured-img wp-post-image\" alt=\"\" loading=\"lazy\" \/>        <\/a>\r\n\t\t        <\/div>\r\n\t<\/div>\r\n\t\t<div class=\"p-categories p-top\"><a class=\"p-category category-id-5\" href=\"https:\/\/agri-meteo.fr\/blog\/randonnees\/\" rel=\"category\">Randonn\u00e9es<\/a><\/div><h3 class=\"entry-title\">        <a class=\"p-url\" href=\"https:\/\/agri-meteo.fr\/blog\/comment-choisir-son-couteau-de-randonnee\/\" rel=\"bookmark\">Comment choisir son couteau de randonn\u00e9e?<\/a><\/h3><p class=\"entry-summary\">Choisir le bon couteau de randonn\u00e9e est une \u00e9tape importante pour tous<span>&hellip;<\/span><\/p>\r\n\t\t\t            <div class=\"p-meta\">\r\n                <div class=\"meta-inner is-meta\">\r\n\t\t\t\t\t        <a class=\"meta-el meta-avatar\" href=\"https:\/\/agri-meteo.fr\/blog\/author\/romain\/\"><img alt='Romain' src='https:\/\/secure.gravatar.com\/avatar\/249957827c7f5f5f8cb81e060f0a773f8d5c227cda83920ace95803aedccf166?s=44&#038;d=mm&#038;r=g' srcset='https:\/\/secure.gravatar.com\/avatar\/249957827c7f5f5f8cb81e060f0a773f8d5c227cda83920ace95803aedccf166?s=88&#038;d=mm&#038;r=g 2x' class='avatar avatar-44 photo' height='44' width='44' \/><\/a>\r\n\t\t<span class=\"meta-el meta-author\">\r\n\t\t        <a href=\"https:\/\/agri-meteo.fr\/blog\/author\/romain\/\">Romain<\/a>\r\n\t\t        <\/span>\r\n\t\t                <\/div>\r\n\t\t\t\t            <\/div>\r\n\t\t        <\/div>\r\n\t        <div class=\"p-wrap p-grid p-grid-2\" data-pid=\"3676\">\r\n\t            <div class=\"feat-holder\">        <div class=\"p-featured\">\r\n\t\t\t        <a class=\"p-flink\" href=\"https:\/\/agri-meteo.fr\/blog\/les-6-techniques-de-navigation-en-randonnee-a-maitriser-parfaits-pour-le-mont-blanc\/\" title=\"Les 6 techniques de navigation en randonn\u00e9e \u00e0 ma\u00eetriser parfaits pour le Mont Blanc !\">\r\n\t\t\t<img decoding=\"async\" width=\"420\" height=\"280\" src=\"https:\/\/agri-meteo.fr\/blog\/wp-content\/uploads\/2023\/12\/mont-blanc-420x280.png\" class=\"featured-img wp-post-image\" alt=\"\" loading=\"lazy\" \/>        <\/a>\r\n\t\t        <\/div>\r\n\t<\/div>\r\n\t\t<div class=\"p-categories p-top\"><a class=\"p-category category-id-5\" href=\"https:\/\/agri-meteo.fr\/blog\/randonnees\/\" rel=\"category\">Randonn\u00e9es<\/a><\/div><h3 class=\"entry-title\">        <a class=\"p-url\" href=\"https:\/\/agri-meteo.fr\/blog\/les-6-techniques-de-navigation-en-randonnee-a-maitriser-parfaits-pour-le-mont-blanc\/\" rel=\"bookmark\">Les 6 techniques de navigation en randonn\u00e9e \u00e0 ma\u00eetriser parfaits pour le Mont Blanc !<\/a><\/h3><p class=\"entry-summary\">La randonn\u00e9e au Mont Blanc est l'une des exp\u00e9riences les plus embl\u00e9matiques<span>&hellip;<\/span><\/p>\r\n\t\t\t            <div class=\"p-meta\">\r\n                <div class=\"meta-inner is-meta\">\r\n\t\t\t\t\t        <a class=\"meta-el meta-avatar\" href=\"https:\/\/agri-meteo.fr\/blog\/author\/maeva\/\"><img alt='Ma\u00ebva' src='https:\/\/secure.gravatar.com\/avatar\/8fdf83d12bec208e62de22996bf71d66e224657aed699fcd9855b2adae95869f?s=44&#038;d=mm&#038;r=g' srcset='https:\/\/secure.gravatar.com\/avatar\/8fdf83d12bec208e62de22996bf71d66e224657aed699fcd9855b2adae95869f?s=88&#038;d=mm&#038;r=g 2x' class='avatar avatar-44 photo' height='44' width='44' \/><\/a>\r\n\t\t<span class=\"meta-el meta-author\">\r\n\t\t        <a href=\"https:\/\/agri-meteo.fr\/blog\/author\/maeva\/\">Ma\u00ebva<\/a>\r\n\t\t        <\/span>\r\n\t\t                <\/div>\r\n\t\t\t\t            <\/div>\r\n\t\t        <\/div>\r\n\t        <div class=\"p-wrap p-grid p-grid-2\" data-pid=\"3667\">\r\n\t            <div class=\"feat-holder\">        <div class=\"p-featured\">\r\n\t\t\t        <a class=\"p-flink\" href=\"https:\/\/agri-meteo.fr\/blog\/comment-choisir-son-equipement-de-randonnee-sans-se-ruiner\/\" title=\"Comment choisir son \u00e9quipement de randonn\u00e9e sans se ruiner?\">\r\n\t\t\t<img decoding=\"async\" width=\"420\" height=\"280\" src=\"https:\/\/agri-meteo.fr\/blog\/wp-content\/uploads\/2023\/12\/equipement-rando-420x280.jpg\" class=\"featured-img wp-post-image\" alt=\"\" loading=\"lazy\" \/>        <\/a>\r\n\t\t        <\/div>\r\n\t<\/div>\r\n\t\t<div class=\"p-categories p-top\"><a class=\"p-category category-id-5\" href=\"https:\/\/agri-meteo.fr\/blog\/randonnees\/\" rel=\"category\">Randonn\u00e9es<\/a><\/div><h3 class=\"entry-title\">        <a class=\"p-url\" href=\"https:\/\/agri-meteo.fr\/blog\/comment-choisir-son-equipement-de-randonnee-sans-se-ruiner\/\" rel=\"bookmark\">Comment choisir son \u00e9quipement de randonn\u00e9e sans se ruiner?<\/a><\/h3><p class=\"entry-summary\">La randonn\u00e9e est une activit\u00e9 enrichissante qui permet de se reconnecter avec<span>&hellip;<\/span><\/p>\r\n\t\t\t            <div class=\"p-meta\">\r\n                <div class=\"meta-inner is-meta\">\r\n\t\t\t\t\t        <a class=\"meta-el meta-avatar\" href=\"https:\/\/agri-meteo.fr\/blog\/author\/romain\/\"><img alt='Romain' src='https:\/\/secure.gravatar.com\/avatar\/249957827c7f5f5f8cb81e060f0a773f8d5c227cda83920ace95803aedccf166?s=44&#038;d=mm&#038;r=g' srcset='https:\/\/secure.gravatar.com\/avatar\/249957827c7f5f5f8cb81e060f0a773f8d5c227cda83920ace95803aedccf166?s=88&#038;d=mm&#038;r=g 2x' class='avatar avatar-44 photo' height='44' width='44' \/><\/a>\r\n\t\t<span class=\"meta-el meta-author\">\r\n\t\t        <a href=\"https:\/\/agri-meteo.fr\/blog\/author\/romain\/\">Romain<\/a>\r\n\t\t        <\/span>\r\n\t\t                <\/div>\r\n\t\t\t\t            <\/div>\r\n\t\t        <\/div>\r\n\t        <div class=\"p-wrap p-grid p-grid-2\" data-pid=\"3661\">\r\n\t            <div class=\"feat-holder\">        <div class=\"p-featured\">\r\n\t\t\t        <a class=\"p-flink\" href=\"https:\/\/agri-meteo.fr\/blog\/prevision-meteo-pour-ce-weekend-du-9-decembre\/\" title=\"Pr\u00e9vision m\u00e9t\u00e9o pour ce weekend du 9 d\u00e9cembre\">\r\n\t\t\t<img decoding=\"async\" width=\"420\" height=\"280\" src=\"https:\/\/agri-meteo.fr\/blog\/wp-content\/uploads\/2023\/12\/prevision-meteo-420x280.jpg\" class=\"featured-img wp-post-image\" alt=\"\" loading=\"lazy\" \/>        <\/a>\r\n\t\t        <\/div>\r\n\t<\/div>\r\n\t\t<div class=\"p-categories p-top\"><a class=\"p-category category-id-3\" href=\"https:\/\/agri-meteo.fr\/blog\/insolite\/\" rel=\"category\">Insolite<\/a><\/div><h3 class=\"entry-title\">        <a class=\"p-url\" href=\"https:\/\/agri-meteo.fr\/blog\/prevision-meteo-pour-ce-weekend-du-9-decembre\/\" rel=\"bookmark\">Pr\u00e9vision m\u00e9t\u00e9o pour ce weekend du 9 d\u00e9cembre<\/a><\/h3><p class=\"entry-summary\">M\u00eame si l\u2019hiver n\u2019est pas encore officiellement annonc\u00e9, le mois de d\u00e9cembre<span>&hellip;<\/span><\/p>\r\n\t\t\t            <div class=\"p-meta\">\r\n                <div class=\"meta-inner is-meta\">\r\n\t\t\t\t\t        <a class=\"meta-el meta-avatar\" href=\"https:\/\/agri-meteo.fr\/blog\/author\/romain\/\"><img alt='Romain' src='https:\/\/secure.gravatar.com\/avatar\/249957827c7f5f5f8cb81e060f0a773f8d5c227cda83920ace95803aedccf166?s=44&#038;d=mm&#038;r=g' srcset='https:\/\/secure.gravatar.com\/avatar\/249957827c7f5f5f8cb81e060f0a773f8d5c227cda83920ace95803aedccf166?s=88&#038;d=mm&#038;r=g 2x' class='avatar avatar-44 photo' height='44' width='44' \/><\/a>\r\n\t\t<span class=\"meta-el meta-author\">\r\n\t\t        <a href=\"https:\/\/agri-meteo.fr\/blog\/author\/romain\/\">Romain<\/a>\r\n\t\t        <\/span>\r\n\t\t                <\/div>\r\n\t\t\t\t            <\/div>\r\n\t\t        <\/div>\r\n\t        <div class=\"p-wrap p-grid p-grid-2\" data-pid=\"3655\">\r\n\t            <div class=\"feat-holder\">        <div class=\"p-featured\">\r\n\t\t\t        <a class=\"p-flink\" href=\"https:\/\/agri-meteo.fr\/blog\/4-astuces-pour-economiser-sur-son-forfait-de-ski\/\" title=\"4 astuces pour \u00e9conomiser sur son forfait de ski\">\r\n\t\t\t<img decoding=\"async\" width=\"420\" height=\"280\" src=\"https:\/\/agri-meteo.fr\/blog\/wp-content\/uploads\/2023\/12\/forfait-ski-420x280.jpg\" class=\"featured-img wp-post-image\" alt=\"\" loading=\"lazy\" \/>        <\/a>\r\n\t\t        <\/div>\r\n\t<\/div>\r\n\t\t<div class=\"p-categories p-top\"><a class=\"p-category category-id-3\" href=\"https:\/\/agri-meteo.fr\/blog\/insolite\/\" rel=\"category\">Insolite<\/a><\/div><h3 class=\"entry-title\">        <a class=\"p-url\" href=\"https:\/\/agri-meteo.fr\/blog\/4-astuces-pour-economiser-sur-son-forfait-de-ski\/\" rel=\"bookmark\">4 astuces pour \u00e9conomiser sur son forfait de ski<\/a><\/h3><p class=\"entry-summary\">Le ski est une activit\u00e9 hivernale tr\u00e8s pris\u00e9e par de nombreux amateurs<span>&hellip;<\/span><\/p>\r\n\t\t\t            <div class=\"p-meta\">\r\n                <div class=\"meta-inner is-meta\">\r\n\t\t\t\t\t        <a class=\"meta-el meta-avatar\" href=\"https:\/\/agri-meteo.fr\/blog\/author\/romain\/\"><img alt='Romain' src='https:\/\/secure.gravatar.com\/avatar\/249957827c7f5f5f8cb81e060f0a773f8d5c227cda83920ace95803aedccf166?s=44&#038;d=mm&#038;r=g' srcset='https:\/\/secure.gravatar.com\/avatar\/249957827c7f5f5f8cb81e060f0a773f8d5c227cda83920ace95803aedccf166?s=88&#038;d=mm&#038;r=g 2x' class='avatar avatar-44 photo' height='44' width='44' \/><\/a>\r\n\t\t<span class=\"meta-el meta-author\">\r\n\t\t        <a href=\"https:\/\/agri-meteo.fr\/blog\/author\/romain\/\">Romain<\/a>\r\n\t\t        <\/span>\r\n\t\t                <\/div>\r\n\t\t\t\t            <\/div>\r\n\t\t        <\/div>\r\n\t        <div class=\"p-wrap p-grid p-grid-2\" data-pid=\"3648\">\r\n\t            <div class=\"feat-holder\">        <div class=\"p-featured\">\r\n\t\t\t        <a class=\"p-flink\" href=\"https:\/\/agri-meteo.fr\/blog\/meteo-de-decembre-allons-nous-passer-noel-sous-la-neige\/\" title=\"M\u00e9t\u00e9o de d\u00e9cembre : Allons nous passer No\u00ebl sous la neige ?\">\r\n\t\t\t<img decoding=\"async\" width=\"420\" height=\"280\" src=\"https:\/\/agri-meteo.fr\/blog\/wp-content\/uploads\/2023\/12\/periode-noel-420x280.jpg\" class=\"featured-img wp-post-image\" alt=\"\" loading=\"lazy\" \/>        <\/a>\r\n\t\t        <\/div>\r\n\t<\/div>\r\n\t\t<div class=\"p-categories p-top\"><a class=\"p-category category-id-3\" href=\"https:\/\/agri-meteo.fr\/blog\/insolite\/\" rel=\"category\">Insolite<\/a><\/div><h3 class=\"entry-title\">        <a class=\"p-url\" href=\"https:\/\/agri-meteo.fr\/blog\/meteo-de-decembre-allons-nous-passer-noel-sous-la-neige\/\" rel=\"bookmark\">M\u00e9t\u00e9o de d\u00e9cembre : Allons nous passer No\u00ebl sous la neige ?<\/a><\/h3><p class=\"entry-summary\">Le mois de d\u00e9cembre est souvent synonyme de magie. La perspective de<span>&hellip;<\/span><\/p>\r\n\t\t\t            <div class=\"p-meta\">\r\n                <div class=\"meta-inner is-meta\">\r\n\t\t\t\t\t        <a class=\"meta-el meta-avatar\" href=\"https:\/\/agri-meteo.fr\/blog\/author\/maeva\/\"><img alt='Ma\u00ebva' src='https:\/\/secure.gravatar.com\/avatar\/8fdf83d12bec208e62de22996bf71d66e224657aed699fcd9855b2adae95869f?s=44&#038;d=mm&#038;r=g' srcset='https:\/\/secure.gravatar.com\/avatar\/8fdf83d12bec208e62de22996bf71d66e224657aed699fcd9855b2adae95869f?s=88&#038;d=mm&#038;r=g 2x' class='avatar avatar-44 photo' height='44' width='44' \/><\/a>\r\n\t\t<span class=\"meta-el meta-author\">\r\n\t\t        <a href=\"https:\/\/agri-meteo.fr\/blog\/author\/maeva\/\">Ma\u00ebva<\/a>\r\n\t\t        <\/span>\r\n\t\t                <\/div>\r\n\t\t\t\t            <\/div>\r\n\t\t        <\/div>\r\n\t        <div class=\"p-wrap p-grid p-grid-2\" data-pid=\"3643\">\r\n\t            <div class=\"feat-holder\">        <div class=\"p-featured\">\r\n\t\t\t        <a class=\"p-flink\" href=\"https:\/\/agri-meteo.fr\/blog\/changement-climatique-le-visage-totalement-nouveau-des-stations-de-ski-francaises-en-2023\/\" title=\"Changement climatique : le visage totalement nouveau des stations de ski fran\u00e7aises en 2023\">\r\n\t\t\t<img decoding=\"async\" width=\"420\" height=\"280\" src=\"https:\/\/agri-meteo.fr\/blog\/wp-content\/uploads\/2023\/12\/montagne-420x280.jpg\" class=\"featured-img wp-post-image\" alt=\"\" loading=\"lazy\" \/>        <\/a>\r\n\t\t        <\/div>\r\n\t<\/div>\r\n\t\t<div class=\"p-categories p-top\"><a class=\"p-category category-id-3\" href=\"https:\/\/agri-meteo.fr\/blog\/insolite\/\" rel=\"category\">Insolite<\/a><\/div><h3 class=\"entry-title\">        <a class=\"p-url\" href=\"https:\/\/agri-meteo.fr\/blog\/changement-climatique-le-visage-totalement-nouveau-des-stations-de-ski-francaises-en-2023\/\" rel=\"bookmark\">Changement climatique : le visage totalement nouveau des stations de ski fran\u00e7aises en 2023<\/a><\/h3><p class=\"entry-summary\">Le changement climatique ne se contente pas de perturber les saisons ;<span>&hellip;<\/span><\/p>\r\n\t\t\t            <div class=\"p-meta\">\r\n                <div class=\"meta-inner is-meta\">\r\n\t\t\t\t\t        <a class=\"meta-el meta-avatar\" href=\"https:\/\/agri-meteo.fr\/blog\/author\/maeva\/\"><img alt='Ma\u00ebva' src='https:\/\/secure.gravatar.com\/avatar\/8fdf83d12bec208e62de22996bf71d66e224657aed699fcd9855b2adae95869f?s=44&#038;d=mm&#038;r=g' srcset='https:\/\/secure.gravatar.com\/avatar\/8fdf83d12bec208e62de22996bf71d66e224657aed699fcd9855b2adae95869f?s=88&#038;d=mm&#038;r=g 2x' class='avatar avatar-44 photo' height='44' width='44' \/><\/a>\r\n\t\t<span class=\"meta-el meta-author\">\r\n\t\t        <a href=\"https:\/\/agri-meteo.fr\/blog\/author\/maeva\/\">Ma\u00ebva<\/a>\r\n\t\t        <\/span>\r\n\t\t                <\/div>\r\n\t\t\t\t            <\/div>\r\n\t\t        <\/div>\r\n\t        <div class=\"p-wrap p-grid p-grid-2\" data-pid=\"3638\">\r\n\t            <div class=\"feat-holder\">        <div class=\"p-featured\">\r\n\t\t\t        <a class=\"p-flink\" href=\"https:\/\/agri-meteo.fr\/blog\/prevision-meteo-pour-la-semaine-du-4-au-10-decembre\/\" title=\"Pr\u00e9vision m\u00e9t\u00e9o pour la semaine du 4 au 10 D\u00e9cembre\">\r\n\t\t\t<img decoding=\"async\" width=\"420\" height=\"280\" src=\"https:\/\/agri-meteo.fr\/blog\/wp-content\/uploads\/2023\/11\/meteo-420x280.jpg\" class=\"featured-img wp-post-image\" alt=\"\" loading=\"lazy\" \/>        <\/a>\r\n\t\t        <\/div>\r\n\t<\/div>\r\n\t\t<div class=\"p-categories p-top\"><a class=\"p-category category-id-3\" href=\"https:\/\/agri-meteo.fr\/blog\/insolite\/\" rel=\"category\">Insolite<\/a><\/div><h3 class=\"entry-title\">        <a class=\"p-url\" href=\"https:\/\/agri-meteo.fr\/blog\/prevision-meteo-pour-la-semaine-du-4-au-10-decembre\/\" rel=\"bookmark\">Pr\u00e9vision m\u00e9t\u00e9o pour la semaine du 4 au 10 D\u00e9cembre<\/a><\/h3><p class=\"entry-summary\">Apr\u00e8s un encha\u00eenement de temp\u00eates, l\u2019hiver s\u2019installe progressivement en France. La semaine<span>&hellip;<\/span><\/p>\r\n\t\t\t            <div class=\"p-meta\">\r\n                <div class=\"meta-inner is-meta\">\r\n\t\t\t\t\t        <a class=\"meta-el meta-avatar\" href=\"https:\/\/agri-meteo.fr\/blog\/author\/maeva\/\"><img alt='Ma\u00ebva' src='https:\/\/secure.gravatar.com\/avatar\/8fdf83d12bec208e62de22996bf71d66e224657aed699fcd9855b2adae95869f?s=44&#038;d=mm&#038;r=g' srcset='https:\/\/secure.gravatar.com\/avatar\/8fdf83d12bec208e62de22996bf71d66e224657aed699fcd9855b2adae95869f?s=88&#038;d=mm&#038;r=g 2x' class='avatar avatar-44 photo' height='44' width='44' \/><\/a>\r\n\t\t<span class=\"meta-el meta-author\">\r\n\t\t        <a href=\"https:\/\/agri-meteo.fr\/blog\/author\/maeva\/\">Ma\u00ebva<\/a>\r\n\t\t        <\/span>\r\n\t\t                <\/div>\r\n\t\t\t\t            <\/div>\r\n\t\t        <\/div>\r\n\t        <div class=\"p-wrap p-grid p-grid-2\" data-pid=\"3632\">\r\n\t            <div class=\"feat-holder\">        <div class=\"p-featured\">\r\n\t\t\t        <a class=\"p-flink\" href=\"https:\/\/agri-meteo.fr\/blog\/attention-aux-dangers-en-altitude-comment-profiter-sereinement-de-vos-randonnees-en-montagne\/\" title=\"Attention aux dangers en altitude : comment profiter sereinement de vos randonn\u00e9es en montagne\">\r\n\t\t\t<img decoding=\"async\" width=\"420\" height=\"280\" src=\"https:\/\/agri-meteo.fr\/blog\/wp-content\/uploads\/2023\/11\/randonneur_en_tenue_de_securite-420x280.png\" class=\"featured-img wp-post-image\" alt=\"\" loading=\"lazy\" \/>        <\/a>\r\n\t\t        <\/div>\r\n\t<\/div>\r\n\t\t<div class=\"p-categories p-top\"><a class=\"p-category category-id-5\" href=\"https:\/\/agri-meteo.fr\/blog\/randonnees\/\" rel=\"category\">Randonn\u00e9es<\/a><\/div><h3 class=\"entry-title\">        <a class=\"p-url\" href=\"https:\/\/agri-meteo.fr\/blog\/attention-aux-dangers-en-altitude-comment-profiter-sereinement-de-vos-randonnees-en-montagne\/\" rel=\"bookmark\">Attention aux dangers en altitude : comment profiter sereinement de vos randonn\u00e9es en montagne<\/a><\/h3><p class=\"entry-summary\">Les montagnes, majestueuses et imposantes, offrent un terrain de jeu exceptionnel pour<span>&hellip;<\/span><\/p>\r\n\t\t\t            <div class=\"p-meta\">\r\n                <div class=\"meta-inner is-meta\">\r\n\t\t\t\t\t        <a class=\"meta-el meta-avatar\" href=\"https:\/\/agri-meteo.fr\/blog\/author\/romain\/\"><img alt='Romain' src='https:\/\/secure.gravatar.com\/avatar\/249957827c7f5f5f8cb81e060f0a773f8d5c227cda83920ace95803aedccf166?s=44&#038;d=mm&#038;r=g' srcset='https:\/\/secure.gravatar.com\/avatar\/249957827c7f5f5f8cb81e060f0a773f8d5c227cda83920ace95803aedccf166?s=88&#038;d=mm&#038;r=g 2x' class='avatar avatar-44 photo' height='44' width='44' \/><\/a>\r\n\t\t<span class=\"meta-el meta-author\">\r\n\t\t        <a href=\"https:\/\/agri-meteo.fr\/blog\/author\/romain\/\">Romain<\/a>\r\n\t\t        <\/span>\r\n\t\t                <\/div>\r\n\t\t\t\t            <\/div>\r\n\t\t        <\/div>\r\n\t        <div class=\"p-wrap p-grid p-grid-2\" data-pid=\"3627\">\r\n\t            <div class=\"feat-holder\">        <div class=\"p-featured\">\r\n\t\t\t        <a class=\"p-flink\" href=\"https:\/\/agri-meteo.fr\/blog\/perdu-en-pleine-foret-decouvrez-les-methodes-pour-ne-jamais-perdre-le-nord\/\" title=\"Perdu en pleine for\u00eat ? d\u00e9couvrez les m\u00e9thodes pour ne jamais perdre le nord!\">\r\n\t\t\t<img decoding=\"async\" width=\"420\" height=\"280\" src=\"https:\/\/agri-meteo.fr\/blog\/wp-content\/uploads\/2023\/11\/lost-420x280.png\" class=\"featured-img wp-post-image\" alt=\"\" loading=\"lazy\" \/>        <\/a>\r\n\t\t        <\/div>\r\n\t<\/div>\r\n\t\t<div class=\"p-categories p-top\"><a class=\"p-category category-id-5\" href=\"https:\/\/agri-meteo.fr\/blog\/randonnees\/\" rel=\"category\">Randonn\u00e9es<\/a><\/div><h3 class=\"entry-title\">        <a class=\"p-url\" href=\"https:\/\/agri-meteo.fr\/blog\/perdu-en-pleine-foret-decouvrez-les-methodes-pour-ne-jamais-perdre-le-nord\/\" rel=\"bookmark\">Perdu en pleine for\u00eat ? d\u00e9couvrez les m\u00e9thodes pour ne jamais perdre le nord!<\/a><\/h3><p class=\"entry-summary\">Se retrouver \u00e9gar\u00e9 au milieu de la for\u00eat est une situation stressante,<span>&hellip;<\/span><\/p>\r\n\t\t\t            <div class=\"p-meta\">\r\n                <div class=\"meta-inner is-meta\">\r\n\t\t\t\t\t        <a class=\"meta-el meta-avatar\" href=\"https:\/\/agri-meteo.fr\/blog\/author\/maeva\/\"><img alt='Ma\u00ebva' src='https:\/\/secure.gravatar.com\/avatar\/8fdf83d12bec208e62de22996bf71d66e224657aed699fcd9855b2adae95869f?s=44&#038;d=mm&#038;r=g' srcset='https:\/\/secure.gravatar.com\/avatar\/8fdf83d12bec208e62de22996bf71d66e224657aed699fcd9855b2adae95869f?s=88&#038;d=mm&#038;r=g 2x' class='avatar avatar-44 photo' height='44' width='44' \/><\/a>\r\n\t\t<span class=\"meta-el meta-author\">\r\n\t\t        <a href=\"https:\/\/agri-meteo.fr\/blog\/author\/maeva\/\">Ma\u00ebva<\/a>\r\n\t\t        <\/span>\r\n\t\t                <\/div>\r\n\t\t\t\t            <\/div>\r\n\t\t        <\/div>\r\n\t        <div class=\"p-wrap p-grid p-grid-2\" data-pid=\"3622\">\r\n\t            <div class=\"feat-holder\">        <div class=\"p-featured\">\r\n\t\t\t        <a class=\"p-flink\" href=\"https:\/\/agri-meteo.fr\/blog\/ces-marques-dequipement-de-randonnee-qui-recyclent-osez-laventure-eco-responsable-en-2023\/\" title=\"Ces marques d&#8217;\u00e9quipement de randonn\u00e9e qui recyclent : osez l&#8217;aventure \u00e9co-responsable en 2023\">\r\n\t\t\t<img decoding=\"async\" width=\"420\" height=\"280\" src=\"https:\/\/agri-meteo.fr\/blog\/wp-content\/uploads\/2023\/11\/equipement-rando-eco-responsable-420x280.png\" class=\"featured-img wp-post-image\" alt=\"\" loading=\"lazy\" \/>        <\/a>\r\n\t\t        <\/div>\r\n\t<\/div>\r\n\t\t<div class=\"p-categories p-top\"><a class=\"p-category category-id-5\" href=\"https:\/\/agri-meteo.fr\/blog\/randonnees\/\" rel=\"category\">Randonn\u00e9es<\/a><\/div><h3 class=\"entry-title\">        <a class=\"p-url\" href=\"https:\/\/agri-meteo.fr\/blog\/ces-marques-dequipement-de-randonnee-qui-recyclent-osez-laventure-eco-responsable-en-2023\/\" rel=\"bookmark\">Ces marques d&#8217;\u00e9quipement de randonn\u00e9e qui recyclent : osez l&#8217;aventure \u00e9co-responsable en 2023<\/a><\/h3><p class=\"entry-summary\">Depuis quelques ann\u00e9es, l'engouement pour la randonn\u00e9e ne cesse de cro\u00eetre. Le<span>&hellip;<\/span><\/p>\r\n\t\t\t            <div class=\"p-meta\">\r\n                <div class=\"meta-inner is-meta\">\r\n\t\t\t\t\t        <a class=\"meta-el meta-avatar\" href=\"https:\/\/agri-meteo.fr\/blog\/author\/romain\/\"><img alt='Romain' src='https:\/\/secure.gravatar.com\/avatar\/249957827c7f5f5f8cb81e060f0a773f8d5c227cda83920ace95803aedccf166?s=44&#038;d=mm&#038;r=g' srcset='https:\/\/secure.gravatar.com\/avatar\/249957827c7f5f5f8cb81e060f0a773f8d5c227cda83920ace95803aedccf166?s=88&#038;d=mm&#038;r=g 2x' class='avatar avatar-44 photo' height='44' width='44' \/><\/a>\r\n\t\t<span class=\"meta-el meta-author\">\r\n\t\t        <a href=\"https:\/\/agri-meteo.fr\/blog\/author\/romain\/\">Romain<\/a>\r\n\t\t        <\/span>\r\n\t\t                <\/div>\r\n\t\t\t\t            <\/div>\r\n\t\t        <\/div>\r\n\t        <div class=\"p-wrap p-grid p-grid-2\" data-pid=\"3616\">\r\n\t            <div class=\"feat-holder\">        <div class=\"p-featured\">\r\n\t\t\t        <a class=\"p-flink\" href=\"https:\/\/agri-meteo.fr\/blog\/comment-preparer-son-sac-pour-un-trek\/\" title=\"Comment pr\u00e9parer son sac pour un trek ?\">\r\n\t\t\t<img decoding=\"async\" width=\"420\" height=\"280\" src=\"https:\/\/agri-meteo.fr\/blog\/wp-content\/uploads\/2023\/11\/rando-de-dos-420x280.png\" class=\"featured-img wp-post-image\" alt=\"\" loading=\"lazy\" \/>        <\/a>\r\n\t\t        <\/div>\r\n\t<\/div>\r\n\t\t<div class=\"p-categories p-top\"><a class=\"p-category category-id-5\" href=\"https:\/\/agri-meteo.fr\/blog\/randonnees\/\" rel=\"category\">Randonn\u00e9es<\/a><\/div><h3 class=\"entry-title\">        <a class=\"p-url\" href=\"https:\/\/agri-meteo.fr\/blog\/comment-preparer-son-sac-pour-un-trek\/\" rel=\"bookmark\">Comment pr\u00e9parer son sac pour un trek ?<\/a><\/h3><p class=\"entry-summary\">Vous avez envie de partir \u00e0 l'aventure et de d\u00e9couvrir des paysages<span>&hellip;<\/span><\/p>\r\n\t\t\t            <div class=\"p-meta\">\r\n                <div class=\"meta-inner is-meta\">\r\n\t\t\t\t\t        <a class=\"meta-el meta-avatar\" href=\"https:\/\/agri-meteo.fr\/blog\/author\/romain\/\"><img alt='Romain' src='https:\/\/secure.gravatar.com\/avatar\/249957827c7f5f5f8cb81e060f0a773f8d5c227cda83920ace95803aedccf166?s=44&#038;d=mm&#038;r=g' srcset='https:\/\/secure.gravatar.com\/avatar\/249957827c7f5f5f8cb81e060f0a773f8d5c227cda83920ace95803aedccf166?s=88&#038;d=mm&#038;r=g 2x' class='avatar avatar-44 photo' height='44' width='44' \/><\/a>\r\n\t\t<span class=\"meta-el meta-author\">\r\n\t\t        <a href=\"https:\/\/agri-meteo.fr\/blog\/author\/romain\/\">Romain<\/a>\r\n\t\t        <\/span>\r\n\t\t                <\/div>\r\n\t\t\t\t            <\/div>\r\n\t\t        <\/div>\r\n\t        <div class=\"p-wrap p-grid p-grid-2\" data-pid=\"3606\">\r\n\t            <div class=\"feat-holder\">        <div class=\"p-featured\">\r\n\t\t\t        <a class=\"p-flink\" href=\"https:\/\/agri-meteo.fr\/blog\/top-5-des-meilleures-randonnees-pedestres-a-faire-en-hiver\/\" title=\"Top 5 des meilleures randonn\u00e9es p\u00e9destres \u00e0 faire en hiver\">\r\n\t\t\t<img decoding=\"async\" width=\"420\" height=\"280\" src=\"https:\/\/agri-meteo.fr\/blog\/wp-content\/uploads\/2023\/11\/randonee-hiver-420x280.png\" class=\"featured-img wp-post-image\" alt=\"\" loading=\"lazy\" \/>        <\/a>\r\n\t\t        <\/div>\r\n\t<\/div>\r\n\t\t<div class=\"p-categories p-top\"><a class=\"p-category category-id-5\" href=\"https:\/\/agri-meteo.fr\/blog\/randonnees\/\" rel=\"category\">Randonn\u00e9es<\/a><\/div><h3 class=\"entry-title\">        <a class=\"p-url\" href=\"https:\/\/agri-meteo.fr\/blog\/top-5-des-meilleures-randonnees-pedestres-a-faire-en-hiver\/\" rel=\"bookmark\">Top 5 des meilleures randonn\u00e9es p\u00e9destres \u00e0 faire en hiver<\/a><\/h3><p class=\"entry-summary\">L'hiver approche \u00e0 grands pas, et pour les amateurs de randonn\u00e9e, c'est<span>&hellip;<\/span><\/p>\r\n\t\t\t            <div class=\"p-meta\">\r\n                <div class=\"meta-inner is-meta\">\r\n\t\t\t\t\t        <a class=\"meta-el meta-avatar\" href=\"https:\/\/agri-meteo.fr\/blog\/author\/romain\/\"><img alt='Romain' src='https:\/\/secure.gravatar.com\/avatar\/249957827c7f5f5f8cb81e060f0a773f8d5c227cda83920ace95803aedccf166?s=44&#038;d=mm&#038;r=g' srcset='https:\/\/secure.gravatar.com\/avatar\/249957827c7f5f5f8cb81e060f0a773f8d5c227cda83920ace95803aedccf166?s=88&#038;d=mm&#038;r=g 2x' class='avatar avatar-44 photo' height='44' width='44' \/><\/a>\r\n\t\t<span class=\"meta-el meta-author\">\r\n\t\t        <a href=\"https:\/\/agri-meteo.fr\/blog\/author\/romain\/\">Romain<\/a>\r\n\t\t        <\/span>\r\n\t\t                <\/div>\r\n\t\t\t\t            <\/div>\r\n\t\t        <\/div>\r\n\t        <div class=\"p-wrap p-grid p-grid-2\" data-pid=\"3611\">\r\n\t            <div class=\"feat-holder\">        <div class=\"p-featured\">\r\n\t\t\t        <a class=\"p-flink\" href=\"https:\/\/agri-meteo.fr\/blog\/previsions-meteo-decembre-2023-preparez-vous-aux-surprises-du-climat\/\" title=\"Pr\u00e9visions m\u00e9t\u00e9o D\u00e9cembre 2023 : pr\u00e9parez-vous aux surprises du climat\">\r\n\t\t\t<img decoding=\"async\" width=\"420\" height=\"280\" src=\"https:\/\/agri-meteo.fr\/blog\/wp-content\/uploads\/2023\/11\/winter-time-420x280.png\" class=\"featured-img wp-post-image\" alt=\"\" loading=\"lazy\" \/>        <\/a>\r\n\t\t        <\/div>\r\n\t<\/div>\r\n\t\t<div class=\"p-categories p-top\"><a class=\"p-category category-id-3\" href=\"https:\/\/agri-meteo.fr\/blog\/insolite\/\" rel=\"category\">Insolite<\/a><\/div><h3 class=\"entry-title\">        <a class=\"p-url\" href=\"https:\/\/agri-meteo.fr\/blog\/previsions-meteo-decembre-2023-preparez-vous-aux-surprises-du-climat\/\" rel=\"bookmark\">Pr\u00e9visions m\u00e9t\u00e9o D\u00e9cembre 2023 : pr\u00e9parez-vous aux surprises du climat<\/a><\/h3><p class=\"entry-summary\">L'hiver 2023-2024 approche \u00e0 grands pas, et les amateurs de froid et<span>&hellip;<\/span><\/p>\r\n\t\t\t            <div class=\"p-meta\">\r\n                <div class=\"meta-inner is-meta\">\r\n\t\t\t\t\t        <a class=\"meta-el meta-avatar\" href=\"https:\/\/agri-meteo.fr\/blog\/author\/maeva\/\"><img alt='Ma\u00ebva' src='https:\/\/secure.gravatar.com\/avatar\/8fdf83d12bec208e62de22996bf71d66e224657aed699fcd9855b2adae95869f?s=44&#038;d=mm&#038;r=g' srcset='https:\/\/secure.gravatar.com\/avatar\/8fdf83d12bec208e62de22996bf71d66e224657aed699fcd9855b2adae95869f?s=88&#038;d=mm&#038;r=g 2x' class='avatar avatar-44 photo' height='44' width='44' \/><\/a>\r\n\t\t<span class=\"meta-el meta-author\">\r\n\t\t        <a href=\"https:\/\/agri-meteo.fr\/blog\/author\/maeva\/\">Ma\u00ebva<\/a>\r\n\t\t        <\/span>\r\n\t\t                <\/div>\r\n\t\t\t\t            <\/div>\r\n\t\t        <\/div>\r\n\t        <div class=\"p-wrap p-grid p-grid-2\" data-pid=\"3601\">\r\n\t            <div class=\"feat-holder\">        <div class=\"p-featured\">\r\n\t\t\t        <a class=\"p-flink\" href=\"https:\/\/agri-meteo.fr\/blog\/black-friday-2023-top-des-equipements-de-randonnee-en-haute-montagne-en-france\/\" title=\"Black friday 2023 : top des \u00e9quipements de randonn\u00e9e en haute montagne en france\">\r\n\t\t\t<img decoding=\"async\" width=\"420\" height=\"280\" src=\"https:\/\/agri-meteo.fr\/blog\/wp-content\/uploads\/2023\/11\/blackfriday-420x280.png\" class=\"featured-img wp-post-image\" alt=\"\" loading=\"lazy\" \/>        <\/a>\r\n\t\t        <\/div>\r\n\t<\/div>\r\n\t\t<div class=\"p-categories p-top\"><a class=\"p-category category-id-5\" href=\"https:\/\/agri-meteo.fr\/blog\/randonnees\/\" rel=\"category\">Randonn\u00e9es<\/a><\/div><h3 class=\"entry-title\">        <a class=\"p-url\" href=\"https:\/\/agri-meteo.fr\/blog\/black-friday-2023-top-des-equipements-de-randonnee-en-haute-montagne-en-france\/\" rel=\"bookmark\">Black friday 2023 : top des \u00e9quipements de randonn\u00e9e en haute montagne en france<\/a><\/h3><p class=\"entry-summary\">Le Black Friday 2023 est un \u00e9v\u00e9nement tr\u00e8s attendu. Il offre l\u2019occasion<span>&hellip;<\/span><\/p>\r\n\t\t\t            <div class=\"p-meta\">\r\n                <div class=\"meta-inner is-meta\">\r\n\t\t\t\t\t        <a class=\"meta-el meta-avatar\" href=\"https:\/\/agri-meteo.fr\/blog\/author\/maeva\/\"><img alt='Ma\u00ebva' src='https:\/\/secure.gravatar.com\/avatar\/8fdf83d12bec208e62de22996bf71d66e224657aed699fcd9855b2adae95869f?s=44&#038;d=mm&#038;r=g' srcset='https:\/\/secure.gravatar.com\/avatar\/8fdf83d12bec208e62de22996bf71d66e224657aed699fcd9855b2adae95869f?s=88&#038;d=mm&#038;r=g 2x' class='avatar avatar-44 photo' height='44' width='44' \/><\/a>\r\n\t\t<span class=\"meta-el meta-author\">\r\n\t\t        <a href=\"https:\/\/agri-meteo.fr\/blog\/author\/maeva\/\">Ma\u00ebva<\/a>\r\n\t\t        <\/span>\r\n\t\t                <\/div>\r\n\t\t\t\t            <\/div>\r\n\t\t        <\/div>\r\n\t        <div class=\"p-wrap p-grid p-grid-2\" data-pid=\"3596\">\r\n\t            <div class=\"feat-holder\">        <div class=\"p-featured\">\r\n\t\t\t        <a class=\"p-flink\" href=\"https:\/\/agri-meteo.fr\/blog\/en-quete-dexotisme-en-montagne-immersion-dans-lunivers-des-especes-endemiques-rarissimes-des-alpes-francaises\/\" title=\"En qu\u00eate d&#8217;exotisme en montagne : immersion dans l&#8217;univers des esp\u00e8ces end\u00e9miques rarissimes des alpes fran\u00e7aises\">\r\n\t\t\t<img decoding=\"async\" width=\"420\" height=\"280\" src=\"https:\/\/agri-meteo.fr\/blog\/wp-content\/uploads\/2023\/11\/les_alpes-420x280.png\" class=\"featured-img wp-post-image\" alt=\"\" loading=\"lazy\" \/>        <\/a>\r\n\t\t        <\/div>\r\n\t<\/div>\r\n\t\t<div class=\"p-categories p-top\"><a class=\"p-category category-id-4\" href=\"https:\/\/agri-meteo.fr\/blog\/voyages\/\" rel=\"category\">Voyages<\/a><\/div><h3 class=\"entry-title\">        <a class=\"p-url\" href=\"https:\/\/agri-meteo.fr\/blog\/en-quete-dexotisme-en-montagne-immersion-dans-lunivers-des-especes-endemiques-rarissimes-des-alpes-francaises\/\" rel=\"bookmark\">En qu\u00eate d&#8217;exotisme en montagne : immersion dans l&#8217;univers des esp\u00e8ces end\u00e9miques rarissimes des alpes fran\u00e7aises<\/a><\/h3><p class=\"entry-summary\">Les Alpes fran\u00e7aises, c\u00e9l\u00e8bres pour ses sommets majestueux et ses paysages \u00e0<span>&hellip;<\/span><\/p>\r\n\t\t\t            <div class=\"p-meta\">\r\n                <div class=\"meta-inner is-meta\">\r\n\t\t\t\t\t        <a class=\"meta-el meta-avatar\" href=\"https:\/\/agri-meteo.fr\/blog\/author\/romain\/\"><img alt='Romain' src='https:\/\/secure.gravatar.com\/avatar\/249957827c7f5f5f8cb81e060f0a773f8d5c227cda83920ace95803aedccf166?s=44&#038;d=mm&#038;r=g' srcset='https:\/\/secure.gravatar.com\/avatar\/249957827c7f5f5f8cb81e060f0a773f8d5c227cda83920ace95803aedccf166?s=88&#038;d=mm&#038;r=g 2x' class='avatar avatar-44 photo' height='44' width='44' \/><\/a>\r\n\t\t<span class=\"meta-el meta-author\">\r\n\t\t        <a href=\"https:\/\/agri-meteo.fr\/blog\/author\/romain\/\">Romain<\/a>\r\n\t\t        <\/span>\r\n\t\t                <\/div>\r\n\t\t\t\t            <\/div>\r\n\t\t        <\/div>\r\n\t        <div class=\"p-wrap p-grid p-grid-2\" data-pid=\"3591\">\r\n\t            <div class=\"feat-holder\">        <div class=\"p-featured\">\r\n\t\t\t        <a class=\"p-flink\" href=\"https:\/\/agri-meteo.fr\/blog\/2024-lannee-des-tornades\/\" title=\"2024, l&#8217;ann\u00e9e des tornades ?\">\r\n\t\t\t<img decoding=\"async\" width=\"420\" height=\"280\" src=\"https:\/\/agri-meteo.fr\/blog\/wp-content\/uploads\/2023\/11\/tornade_vue_du_ciel-420x280.webp\" class=\"featured-img wp-post-image\" alt=\"\" loading=\"lazy\" \/>        <\/a>\r\n\t\t        <\/div>\r\n\t<\/div>\r\n\t\t<div class=\"p-categories p-top\"><a class=\"p-category category-id-3\" href=\"https:\/\/agri-meteo.fr\/blog\/insolite\/\" rel=\"category\">Insolite<\/a><\/div><h3 class=\"entry-title\">        <a class=\"p-url\" href=\"https:\/\/agri-meteo.fr\/blog\/2024-lannee-des-tornades\/\" rel=\"bookmark\">2024, l&#8217;ann\u00e9e des tornades ?<\/a><\/h3><p class=\"entry-summary\">Souvent impr\u00e9visibles, les tornades sont des tourbillons de vents violents en rotation<span>&hellip;<\/span><\/p>\r\n\t\t\t            <div class=\"p-meta\">\r\n                <div class=\"meta-inner is-meta\">\r\n\t\t\t\t\t        <a class=\"meta-el meta-avatar\" href=\"https:\/\/agri-meteo.fr\/blog\/author\/maeva\/\"><img alt='Ma\u00ebva' src='https:\/\/secure.gravatar.com\/avatar\/8fdf83d12bec208e62de22996bf71d66e224657aed699fcd9855b2adae95869f?s=44&#038;d=mm&#038;r=g' srcset='https:\/\/secure.gravatar.com\/avatar\/8fdf83d12bec208e62de22996bf71d66e224657aed699fcd9855b2adae95869f?s=88&#038;d=mm&#038;r=g 2x' class='avatar avatar-44 photo' height='44' width='44' \/><\/a>\r\n\t\t<span class=\"meta-el meta-author\">\r\n\t\t        <a href=\"https:\/\/agri-meteo.fr\/blog\/author\/maeva\/\">Ma\u00ebva<\/a>\r\n\t\t        <\/span>\r\n\t\t                <\/div>\r\n\t\t\t\t            <\/div>\r\n\t\t        <\/div>\r\n\t        <div class=\"p-wrap p-grid p-grid-2\" data-pid=\"3586\">\r\n\t            <div class=\"feat-holder\">        <div class=\"p-featured\">\r\n\t\t\t        <a class=\"p-flink\" href=\"https:\/\/agri-meteo.fr\/blog\/voyage-au-dessus-des-nuages-7-secrets-de-pilotage-que-vous-ignorez\/\" title=\"Voyage au-dessus des nuages : 7 secrets de pilotage que vous ignorez !\">\r\n\t\t\t<img decoding=\"async\" width=\"420\" height=\"280\" src=\"https:\/\/agri-meteo.fr\/blog\/wp-content\/uploads\/2023\/11\/beautiful_pastel_cloudscape-420x280.png\" class=\"featured-img wp-post-image\" alt=\"\" loading=\"lazy\" \/>        <\/a>\r\n\t\t        <\/div>\r\n\t<\/div>\r\n\t\t<div class=\"p-categories p-top\"><a class=\"p-category category-id-4\" href=\"https:\/\/agri-meteo.fr\/blog\/voyages\/\" rel=\"category\">Voyages<\/a><\/div><h3 class=\"entry-title\">        <a class=\"p-url\" href=\"https:\/\/agri-meteo.fr\/blog\/voyage-au-dessus-des-nuages-7-secrets-de-pilotage-que-vous-ignorez\/\" rel=\"bookmark\">Voyage au-dessus des nuages : 7 secrets de pilotage que vous ignorez !<\/a><\/h3><p class=\"entry-summary\">Lorsque vous regardez par le hublot d'un avion, voyager au-dessus des nuages<span>&hellip;<\/span><\/p>\r\n\t\t\t            <div class=\"p-meta\">\r\n                <div class=\"meta-inner is-meta\">\r\n\t\t\t\t\t        <a class=\"meta-el meta-avatar\" href=\"https:\/\/agri-meteo.fr\/blog\/author\/maeva\/\"><img alt='Ma\u00ebva' src='https:\/\/secure.gravatar.com\/avatar\/8fdf83d12bec208e62de22996bf71d66e224657aed699fcd9855b2adae95869f?s=44&#038;d=mm&#038;r=g' srcset='https:\/\/secure.gravatar.com\/avatar\/8fdf83d12bec208e62de22996bf71d66e224657aed699fcd9855b2adae95869f?s=88&#038;d=mm&#038;r=g 2x' class='avatar avatar-44 photo' height='44' width='44' \/><\/a>\r\n\t\t<span class=\"meta-el meta-author\">\r\n\t\t        <a href=\"https:\/\/agri-meteo.fr\/blog\/author\/maeva\/\">Ma\u00ebva<\/a>\r\n\t\t        <\/span>\r\n\t\t                <\/div>\r\n\t\t\t\t            <\/div>\r\n\t\t        <\/div>\r\n\t        <div class=\"p-wrap p-grid p-grid-2\" data-pid=\"3580\">\r\n\t            <div class=\"feat-holder\">        <div class=\"p-featured\">\r\n\t\t\t        <a class=\"p-flink\" href=\"https:\/\/agri-meteo.fr\/blog\/envie-dexotisme-les-destinations-hivernales-les-plus-accessibles-en-avion\/\" title=\"Envie d&#8217;exotisme ? Les destinations hivernales les plus accessibles en avion\">\r\n\t\t\t<img decoding=\"async\" width=\"420\" height=\"280\" src=\"https:\/\/agri-meteo.fr\/blog\/wp-content\/uploads\/2023\/11\/voyages-420x280.jpg\" class=\"featured-img wp-post-image\" alt=\"\" loading=\"lazy\" \/>        <\/a>\r\n\t\t        <\/div>\r\n\t<\/div>\r\n\t\t<div class=\"p-categories p-top\"><a class=\"p-category category-id-4\" href=\"https:\/\/agri-meteo.fr\/blog\/voyages\/\" rel=\"category\">Voyages<\/a><\/div><h3 class=\"entry-title\">        <a class=\"p-url\" href=\"https:\/\/agri-meteo.fr\/blog\/envie-dexotisme-les-destinations-hivernales-les-plus-accessibles-en-avion\/\" rel=\"bookmark\">Envie d&#8217;exotisme ? Les destinations hivernales les plus accessibles en avion<\/a><\/h3><p class=\"entry-summary\">L'hiver est la saison id\u00e9ale pour s'\u00e9vader vers des destinations exotiques. Les<span>&hellip;<\/span><\/p>\r\n\t\t\t            <div class=\"p-meta\">\r\n                <div class=\"meta-inner is-meta\">\r\n\t\t\t\t\t        <a class=\"meta-el meta-avatar\" href=\"https:\/\/agri-meteo.fr\/blog\/author\/maeva\/\"><img alt='Ma\u00ebva' src='https:\/\/secure.gravatar.com\/avatar\/8fdf83d12bec208e62de22996bf71d66e224657aed699fcd9855b2adae95869f?s=44&#038;d=mm&#038;r=g' srcset='https:\/\/secure.gravatar.com\/avatar\/8fdf83d12bec208e62de22996bf71d66e224657aed699fcd9855b2adae95869f?s=88&#038;d=mm&#038;r=g 2x' class='avatar avatar-44 photo' height='44' width='44' \/><\/a>\r\n\t\t<span class=\"meta-el meta-author\">\r\n\t\t        <a href=\"https:\/\/agri-meteo.fr\/blog\/author\/maeva\/\">Ma\u00ebva<\/a>\r\n\t\t        <\/span>\r\n\t\t                <\/div>\r\n\t\t\t\t            <\/div>\r\n\t\t        <\/div>\r\n\t<\/div><\/div>\t\t<\/div>\n\t\t\t\t<\/div>\n\t\t\t\t\t<\/div>\n\t\t\t\t<\/div>\n\t\t\t\t\t\t\t<\/div>\n\t\t","protected":false},"excerpt":{"rendered":"<p>Non class\u00e9 Brouillon auto fezfezfezf Fabien edit Insolite Online Entertainmen, a New King in the Entertainment Business Good web design has visual weight, is optimized for various devices, and&hellip; Fabien edit Non class\u00e9 Computer Science Students Face a Shrinking Big Tech Job Market Good web design has visual weight, is optimized for various devices, and&hellip; [&hellip;]<\/p>\n","protected":false},"author":1,"featured_media":0,"parent":0,"menu_order":0,"comment_status":"closed","ping_status":"closed","template":"elementor_theme","meta":{"_seopress_robots_primary_cat":"","_seopress_titles_title":"","_seopress_titles_desc":"","_seopress_robots_index":"","rank_math_lock_modified_date":false,"footnotes":""},"class_list":["post-3317","page","type-page","status-publish"],"rankMath":{"parentDomain":"agri-meteo.fr","noFollowDomains":[],"noFollowExcludeDomains":[],"noFollowExternalLinks":false,"featuredImageNotice":"L\u2019image en vedette devrait \u00eatre au moins 200 par 200 pixels pour \u00eatre utilis\u00e9 par Facebook et d\u2019autres sites de m\u00e9dias sociaux.","pluginReviewed":false,"postSettings":{"linkSuggestions":true,"useFocusKeyword":false},"frontEndScore":false,"postName":"envie-dexotisme-les-destinations-hivernales-les-plus-accessibles-en-avion","permalinkFormat":"https:\/\/agri-meteo.fr\/blog\/%postname%\/","showLockModifiedDate":true,"assessor":{"focusKeywordLink":"https:\/\/agri-meteo.fr\/blog\/wp-admin\/edit.php?focus_keyword=%focus_keyword%&post_type=%post_type%","hasTOCPlugin":{"foxiz-core\/foxiz-core.php":"Foxiz Core"},"primaryTaxonomy":{"title":"Cat\u00e9gorie","name":"category","singularLabel":"Cat\u00e9gorie","restBase":"categories"},"serpData":{"title":"","description":"","focusKeywords":"","pillarContent":false,"canonicalUrl":"","breadcrumbTitle":"","advancedRobots":[],"facebookTitle":"","facebookDescription":"","facebookImage":"","facebookImageID":"","facebookHasOverlay":false,"facebookImageOverlay":"","facebookAuthor":"","twitterCardType":"","twitterUseFacebook":true,"twitterTitle":"","twitterDescription":"","twitterImage":"","twitterImageID":"","twitterHasOverlay":false,"twitterImageOverlay":"","twitterPlayerUrl":"","twitterPlayerSize":"","twitterPlayerStream":"","twitterPlayerStreamCtype":"","twitterAppDescription":"","twitterAppIphoneName":"","twitterAppIphoneID":"","twitterAppIphoneUrl":"","twitterAppIpadName":"","twitterAppIpadID":"","twitterAppIpadUrl":"","twitterAppGoogleplayName":"","twitterAppGoogleplayID":"","twitterAppGoogleplayUrl":"","twitterAppCountry":"","robots":{"index":true},"twitterAuthor":"identifiant","primaryTerm":0,"authorName":"Ma\u00ebva","titleTemplate":"%title% %sep% %sitename%","descriptionTemplate":"%excerpt%","showScoreFrontend":true,"lockModifiedDate":false},"powerWords":["absolument","amazement","astonishing","authentique","beau","bien-\u00eatre","brillant","captivant","charismatique","choc","clair","compl\u00e8tement","confidentiel","confiance","cons\u00e9quent","cr\u00e9atif","d\u00e9finitivement","d\u00e9licieux","d\u00e9montrer","d\u00e9p\u00eachez-vous","d\u00e9termin\u00e9","digne","dynamique","\u00e9blouissant","\u00e9clatant","\u00e9conomique","\u00e9fficace","\u00e9l\u00e9gant","\u00e9motionnel","\u00e9nergique","\u00e9norme","\u00e9poustouflant","essentiel","\u00e9tonnant","exclusif","exp\u00e9rience","fabuleux","fantastique","formidable","fort","garanti","g\u00e9ant","g\u00e9n\u00e9reux","grandiose","gratuit","habile","harmonieux","historique","hors pair","important","incroyable","indispensable","inoubliable","inspirant","innovant","intense","invention","irr\u00e9sistible","l\u00e9gendaire","lumineux","luxe","magique","magnifique","majestueux","marquant","merveilleux","miraculeux","motivant","n\u00e9cessaire","nouvelle","officiel","parfait","passionn\u00e9","persuasif","ph\u00e9nom\u00e9nal","plaisir","populaire","pouvoir","prestigieux","prodigieux","profond","prosp\u00e8re","puissant","qualit\u00e9","radieux","rapide","r\u00e9ussi","r\u00e9volutionnaire","satisfait","s\u00e9curit\u00e9","sensationnel","serein","somptueux","splendide","sublime","surprenant","talentueux","terrifiant","unique","valeur","vibrant","victorieux","vif","vraiment","z\u00e9l\u00e9"],"diacritics":{"A":"[\\u0041\\u24B6\\uFF21\\u00C0\\u00C1\\u00C2\\u1EA6\\u1EA4\\u1EAA\\u1EA8\\u00C3\\u0100\\u0102\\u1EB0\\u1EAE\\u1EB4\\u1EB2\\u0226\\u01E0\\u00C4\\u01DE\\u1EA2\\u00C5\\u01FA\\u01CD\\u0200\\u0202\\u1EA0\\u1EAC\\u1EB6\\u1E00\\u0104\\u023A\\u2C6F]","AA":"[\\uA732]","AE":"[\\u00C6\\u01FC\\u01E2]","AO":"[\\uA734]","AU":"[\\uA736]","AV":"[\\uA738\\uA73A]","AY":"[\\uA73C]","B":"[\\u0042\\u24B7\\uFF22\\u1E02\\u1E04\\u1E06\\u0243\\u0182\\u0181]","C":"[\\u0043\\u24B8\\uFF23\\u0106\\u0108\\u010A\\u010C\\u00C7\\u1E08\\u0187\\u023B\\uA73E]","D":"[\\u0044\\u24B9\\uFF24\\u1E0A\\u010E\\u1E0C\\u1E10\\u1E12\\u1E0E\\u0110\\u018B\\u018A\\u0189\\uA779]","DZ":"[\\u01F1\\u01C4]","Dz":"[\\u01F2\\u01C5]","E":"[\\u0045\\u24BA\\uFF25\\u00C8\\u00C9\\u00CA\\u1EC0\\u1EBE\\u1EC4\\u1EC2\\u1EBC\\u0112\\u1E14\\u1E16\\u0114\\u0116\\u00CB\\u1EBA\\u011A\\u0204\\u0206\\u1EB8\\u1EC6\\u0228\\u1E1C\\u0118\\u1E18\\u1E1A\\u0190\\u018E]","F":"[\\u0046\\u24BB\\uFF26\\u1E1E\\u0191\\uA77B]","G":"[\\u0047\\u24BC\\uFF27\\u01F4\\u011C\\u1E20\\u011E\\u0120\\u01E6\\u0122\\u01E4\\u0193\\uA7A0\\uA77D\\uA77E]","H":"[\\u0048\\u24BD\\uFF28\\u0124\\u1E22\\u1E26\\u021E\\u1E24\\u1E28\\u1E2A\\u0126\\u2C67\\u2C75\\uA78D]","I":"[\\u0049\\u24BE\\uFF29\\u00CC\\u00CD\\u00CE\\u0128\\u012A\\u012C\\u0130\\u00CF\\u1E2E\\u1EC8\\u01CF\\u0208\\u020A\\u1ECA\\u012E\\u1E2C\\u0197]","J":"[\\u004A\\u24BF\\uFF2A\\u0134\\u0248]","K":"[\\u004B\\u24C0\\uFF2B\\u1E30\\u01E8\\u1E32\\u0136\\u1E34\\u0198\\u2C69\\uA740\\uA742\\uA744\\uA7A2]","L":"[\\u004C\\u24C1\\uFF2C\\u013F\\u0139\\u013D\\u1E36\\u1E38\\u013B\\u1E3C\\u1E3A\\u0141\\u023D\\u2C62\\u2C60\\uA748\\uA746\\uA780]","LJ":"[\\u01C7]","Lj":"[\\u01C8]","M":"[\\u004D\\u24C2\\uFF2D\\u1E3E\\u1E40\\u1E42\\u2C6E\\u019C]","N":"[\\u004E\\u24C3\\uFF2E\\u01F8\\u0143\\u00D1\\u1E44\\u0147\\u1E46\\u0145\\u1E4A\\u1E48\\u0220\\u019D\\uA790\\uA7A4]","NJ":"[\\u01CA]","Nj":"[\\u01CB]","O":"[\\u004F\\u24C4\\uFF2F\\u00D2\\u00D3\\u00D4\\u1ED2\\u1ED0\\u1ED6\\u1ED4\\u00D5\\u1E4C\\u022C\\u1E4E\\u014C\\u1E50\\u1E52\\u014E\\u022E\\u0230\\u00D6\\u022A\\u1ECE\\u0150\\u01D1\\u020C\\u020E\\u01A0\\u1EDC\\u1EDA\\u1EE0\\u1EDE\\u1EE2\\u1ECC\\u1ED8\\u01EA\\u01EC\\u00D8\\u01FE\\u0186\\u019F\\uA74A\\uA74C]","OI":"[\\u01A2]","OO":"[\\uA74E]","OU":"[\\u0222]","P":"[\\u0050\\u24C5\\uFF30\\u1E54\\u1E56\\u01A4\\u2C63\\uA750\\uA752\\uA754]","Q":"[\\u0051\\u24C6\\uFF31\\uA756\\uA758\\u024A]","R":"[\\u0052\\u24C7\\uFF32\\u0154\\u1E58\\u0158\\u0210\\u0212\\u1E5A\\u1E5C\\u0156\\u1E5E\\u024C\\u2C64\\uA75A\\uA7A6\\uA782]","S":"[\\u0053\\u24C8\\uFF33\\u1E9E\\u015A\\u1E64\\u015C\\u1E60\\u0160\\u1E66\\u1E62\\u1E68\\u0218\\u015E\\u2C7E\\uA7A8\\uA784]","T":"[\\u0054\\u24C9\\uFF34\\u1E6A\\u0164\\u1E6C\\u021A\\u0162\\u1E70\\u1E6E\\u0166\\u01AC\\u01AE\\u023E\\uA786]","TZ":"[\\uA728]","U":"[\\u0055\\u24CA\\uFF35\\u00D9\\u00DA\\u00DB\\u0168\\u1E78\\u016A\\u1E7A\\u016C\\u00DC\\u01DB\\u01D7\\u01D5\\u01D9\\u1EE6\\u016E\\u0170\\u01D3\\u0214\\u0216\\u01AF\\u1EEA\\u1EE8\\u1EEE\\u1EEC\\u1EF0\\u1EE4\\u1E72\\u0172\\u1E76\\u1E74\\u0244]","V":"[\\u0056\\u24CB\\uFF36\\u1E7C\\u1E7E\\u01B2\\uA75E\\u0245]","VY":"[\\uA760]","W":"[\\u0057\\u24CC\\uFF37\\u1E80\\u1E82\\u0174\\u1E86\\u1E84\\u1E88\\u2C72]","X":"[\\u0058\\u24CD\\uFF38\\u1E8A\\u1E8C]","Y":"[\\u0059\\u24CE\\uFF39\\u1EF2\\u00DD\\u0176\\u1EF8\\u0232\\u1E8E\\u0178\\u1EF6\\u1EF4\\u01B3\\u024E\\u1EFE]","Z":"[\\u005A\\u24CF\\uFF3A\\u0179\\u1E90\\u017B\\u017D\\u1E92\\u1E94\\u01B5\\u0224\\u2C7F\\u2C6B\\uA762]","a":"[\\u0061\\u24D0\\uFF41\\u1E9A\\u00E0\\u00E1\\u00E2\\u1EA7\\u1EA5\\u1EAB\\u1EA9\\u00E3\\u0101\\u0103\\u1EB1\\u1EAF\\u1EB5\\u1EB3\\u0227\\u01E1\\u00E4\\u01DF\\u1EA3\\u00E5\\u01FB\\u01CE\\u0201\\u0203\\u1EA1\\u1EAD\\u1EB7\\u1E01\\u0105\\u2C65\\u0250]","aa":"[\\uA733]","ae":"[\\u00E6\\u01FD\\u01E3]","ao":"[\\uA735]","au":"[\\uA737]","av":"[\\uA739\\uA73B]","ay":"[\\uA73D]","b":"[\\u0062\\u24D1\\uFF42\\u1E03\\u1E05\\u1E07\\u0180\\u0183\\u0253]","c":"[\\u0063\\u24D2\\uFF43\\u0107\\u0109\\u010B\\u010D\\u00E7\\u1E09\\u0188\\u023C\\uA73F\\u2184]","d":"[\\u0064\\u24D3\\uFF44\\u1E0B\\u010F\\u1E0D\\u1E11\\u1E13\\u1E0F\\u0111\\u018C\\u0256\\u0257\\uA77A]","dz":"[\\u01F3\\u01C6]","e":"[\\u0065\\u24D4\\uFF45\\u00E8\\u00E9\\u00EA\\u1EC1\\u1EBF\\u1EC5\\u1EC3\\u1EBD\\u0113\\u1E15\\u1E17\\u0115\\u0117\\u00EB\\u1EBB\\u011B\\u0205\\u0207\\u1EB9\\u1EC7\\u0229\\u1E1D\\u0119\\u1E19\\u1E1B\\u0247\\u025B\\u01DD]","f":"[\\u0066\\u24D5\\uFF46\\u1E1F\\u0192\\uA77C]","g":"[\\u0067\\u24D6\\uFF47\\u01F5\\u011D\\u1E21\\u011F\\u0121\\u01E7\\u0123\\u01E5\\u0260\\uA7A1\\u1D79\\uA77F]","h":"[\\u0068\\u24D7\\uFF48\\u0125\\u1E23\\u1E27\\u021F\\u1E25\\u1E29\\u1E2B\\u1E96\\u0127\\u2C68\\u2C76\\u0265]","hv":"[\\u0195]","i":"[\\u0069\\u24D8\\uFF49\\u00EC\\u00ED\\u00EE\\u0129\\u012B\\u012D\\u00EF\\u1E2F\\u1EC9\\u01D0\\u0209\\u020B\\u1ECB\\u012F\\u1E2D\\u0268\\u0131]","j":"[\\u006A\\u24D9\\uFF4A\\u0135\\u01F0\\u0249]","k":"[\\u006B\\u24DA\\uFF4B\\u1E31\\u01E9\\u1E33\\u0137\\u1E35\\u0199\\u2C6A\\uA741\\uA743\\uA745\\uA7A3]","l":"[\\u006C\\u24DB\\uFF4C\\u0140\\u013A\\u013E\\u1E37\\u1E39\\u013C\\u1E3D\\u1E3B\\u017F\\u0142\\u019A\\u026B\\u2C61\\uA749\\uA781\\uA747]","lj":"[\\u01C9]","m":"[\\u006D\\u24DC\\uFF4D\\u1E3F\\u1E41\\u1E43\\u0271\\u026F]","n":"[\\u006E\\u24DD\\uFF4E\\u01F9\\u0144\\u00F1\\u1E45\\u0148\\u1E47\\u0146\\u1E4B\\u1E49\\u019E\\u0272\\u0149\\uA791\\uA7A5]","nj":"[\\u01CC]","o":"[\\u006F\\u24DE\\uFF4F\\u00F2\\u00F3\\u00F4\\u1ED3\\u1ED1\\u1ED7\\u1ED5\\u00F5\\u1E4D\\u022D\\u1E4F\\u014D\\u1E51\\u1E53\\u014F\\u022F\\u0231\\u00F6\\u022B\\u1ECF\\u0151\\u01D2\\u020D\\u020F\\u01A1\\u1EDD\\u1EDB\\u1EE1\\u1EDF\\u1EE3\\u1ECD\\u1ED9\\u01EB\\u01ED\\u00F8\\u01FF\\u0254\\uA74B\\uA74D\\u0275]","oi":"[\\u01A3]","ou":"[\\u0223]","oo":"[\\uA74F]","p":"[\\u0070\\u24DF\\uFF50\\u1E55\\u1E57\\u01A5\\u1D7D\\uA751\\uA753\\uA755]","q":"[\\u0071\\u24E0\\uFF51\\u024B\\uA757\\uA759]","r":"[\\u0072\\u24E1\\uFF52\\u0155\\u1E59\\u0159\\u0211\\u0213\\u1E5B\\u1E5D\\u0157\\u1E5F\\u024D\\u027D\\uA75B\\uA7A7\\uA783]","s":"[\\u0073\\u24E2\\uFF53\\u015B\\u1E65\\u015D\\u1E61\\u0161\\u1E67\\u1E63\\u1E69\\u0219\\u015F\\u023F\\uA7A9\\uA785\\u1E9B]","ss":"[\\u00DF]","t":"[\\u0074\\u24E3\\uFF54\\u1E6B\\u1E97\\u0165\\u1E6D\\u021B\\u0163\\u1E71\\u1E6F\\u0167\\u01AD\\u0288\\u2C66\\uA787]","tz":"[\\uA729]","u":"[\\u0075\\u24E4\\uFF55\\u00F9\\u00FA\\u00FB\\u0169\\u1E79\\u016B\\u1E7B\\u016D\\u00FC\\u01DC\\u01D8\\u01D6\\u01DA\\u1EE7\\u016F\\u0171\\u01D4\\u0215\\u0217\\u01B0\\u1EEB\\u1EE9\\u1EEF\\u1EED\\u1EF1\\u1EE5\\u1E73\\u0173\\u1E77\\u1E75\\u0289]","v":"[\\u0076\\u24E5\\uFF56\\u1E7D\\u1E7F\\u028B\\uA75F\\u028C]","vy":"[\\uA761]","w":"[\\u0077\\u24E6\\uFF57\\u1E81\\u1E83\\u0175\\u1E87\\u1E85\\u1E98\\u1E89\\u2C73]","x":"[\\u0078\\u24E7\\uFF58\\u1E8B\\u1E8D]","y":"[\\u0079\\u24E8\\uFF59\\u1EF3\\u00FD\\u0177\\u1EF9\\u0233\\u1E8F\\u00FF\\u1EF7\\u1E99\\u1EF5\\u01B4\\u024F\\u1EFF]","z":"[\\u007A\\u24E9\\uFF5A\\u017A\\u1E91\\u017C\\u017E\\u1E93\\u1E95\\u01B6\\u0225\\u0240\\u2C6C\\uA763]"},"researchesTests":["contentHasTOC","contentHasShortParagraphs","contentHasAssets","keywordInTitle","keywordInMetaDescription","keywordInPermalink","keywordIn10Percent","keywordInContent","keywordInSubheadings","keywordInImageAlt","keywordDensity","keywordNotUsed","lengthContent","lengthPermalink","linksHasInternal","linksHasExternals","linksNotAllExternals","titleStartWithKeyword","titleSentiment","titleHasPowerWords","titleHasNumber","hasContentAI"],"hasRedirection":false,"hasBreadcrumb":false},"homeUrl":"https:\/\/agri-meteo.fr\/blog","objectID":3580,"objectType":"post","locale":"fr","localeFull":"fr_FR","overlayImages":{"play":{"name":"Ic\u00f4ne de lecture","url":"https:\/\/agri-meteo.fr\/blog\/wp-content\/plugins\/seo-by-rank-math\/assets\/admin\/img\/icon-play.png","path":"\/home2\/npzs3432\/blog.agri-meteo.fr\/wp-content\/plugins\/seo-by-rank-math\/assets\/admin\/img\/icon-play.png","position":"middle_center"},"gif":{"name":"Ic\u00f4ne GIF","url":"https:\/\/agri-meteo.fr\/blog\/wp-content\/plugins\/seo-by-rank-math\/assets\/admin\/img\/icon-gif.png","path":"\/home2\/npzs3432\/blog.agri-meteo.fr\/wp-content\/plugins\/seo-by-rank-math\/assets\/admin\/img\/icon-gif.png","position":"middle_center"}},"defautOgImage":"https:\/\/agri-meteo.fr\/blog\/wp-content\/plugins\/seo-by-rank-math\/assets\/admin\/img\/social-placeholder.jpg","customPermalinks":true,"isUserRegistered":false,"autoSuggestKeywords":false,"connectSiteUrl":"https:\/\/rankmath.com\/auth?site=https%3A%2F%2Fagri-meteo.fr%2Fblog&r=https%3A%2F%2Fagri-meteo.fr%2Fblog%2Fwp-json%2Fwp%2Fv2%2Fpages%2F3317%3Fnonce%3Df9c3c5a85a","maxTags":5,"trendsIcon":"<svg viewBox=\"0 0 610 610\"><path d=\"M18.85,446,174.32,290.48l58.08,58.08L76.93,504a14.54,14.54,0,0,1-20.55,0L18.83,466.48a14.54,14.54,0,0,1,0-20.55Z\" style=\"fill:#4285f4\"\/><path d=\"M242.65,242.66,377.59,377.6l-47.75,47.75a14.54,14.54,0,0,1-20.55,0L174.37,290.43l47.75-47.75A14.52,14.52,0,0,1,242.65,242.66Z\" style=\"fill:#ea4335\"\/><polygon points=\"319.53 319.53 479.26 159.8 537.34 217.88 377.61 377.62 319.53 319.53\" style=\"fill:#fabb05\"\/><path d=\"M594.26,262.73V118.61h0a16.94,16.94,0,0,0-16.94-16.94H433.2a16.94,16.94,0,0,0-12,28.92L565.34,274.71h0a16.94,16.94,0,0,0,28.92-12Z\" style=\"fill:#34a853\"\/><rect width=\"610\" height=\"610\" style=\"fill:none\"\/><\/svg>","showScore":true,"siteFavIcon":"data:image\/png;base64,iVBORw0KGgoAAAANSUhEUgAAABAAAAAQCAYAAAAf8\/9hAAABs0lEQVR4AWL4\/\/8\/RRjO8Iucx+noO0MWUDo16FYABMGP6ZfUcRnWtm27jVPbtm3bttuH2t3eFPcY9pLz7NxiLjCyVd87pKnHyqXyxtCs8APd0rnyxiu4qSeA3QEDrAwBDrT1s1Rc\/OrjLZwqVmOSu6+Lamcpp2KKMA9PH1BYXMe1mUP5qotvXTywsOEEYHXxrY+3cqk6TMkYpNr2FeoY3KIr0RPtn9wQ2unlA+GMkRw6+9TFw4YTwDUzx\/JVvARj9KaedXRO8P5B1Du2S32smzqUrcKGEyA+uAgQjKX7zf0boWHGfn71jIKj2689gxp7OAGShNcBUmLMPVjZuiKcA2vuWHHDCQxMCz629kXAIU4ApY15QwggAFbfOP9DhgBJ+nWVJ1AZAfICAj1pAlY6hCADZnveQf7bQIwzVONGJonhLIlS9gr5mFg44Xd+4S3XHoGNPdJl1INIwKyEgHckEhgTe1bGiFY9GSFBYUwLh1IkiJUbY407E7syBSFxKTszEoiE\/YdrgCEayDmtaJwCI9uu8TKMuZSVfSa4BpGgzvomBR\/INhLGzrqDotp01ZR8pn\/1L0JN9d9XNyx0AAAAAElFTkSuQmCC","canUser":{"general":false,"advanced":false,"snippet":false,"social":false,"analysis":false,"analytics":false,"content_ai":false},"isPro":false,"is_front_page":false,"trendsUpgradeLink":"https:\/\/rankmath.com\/pricing\/?utm_source=Plugin&utm_medium=CE%20General%20Tab%20Trends&utm_campaign=WP","trendsUpgradeLabel":"Mettre \u00e0 niveau","trendsPreviewImage":"https:\/\/agri-meteo.fr\/blog\/wp-content\/plugins\/seo-by-rank-math\/assets\/admin\/img\/trends-preview.jpg","currentEditor":false,"homepageData":{"assessor":{"powerWords":["absolument","amazement","astonishing","authentique","beau","bien-\u00eatre","brillant","captivant","charismatique","choc","clair","compl\u00e8tement","confidentiel","confiance","cons\u00e9quent","cr\u00e9atif","d\u00e9finitivement","d\u00e9licieux","d\u00e9montrer","d\u00e9p\u00eachez-vous","d\u00e9termin\u00e9","digne","dynamique","\u00e9blouissant","\u00e9clatant","\u00e9conomique","\u00e9fficace","\u00e9l\u00e9gant","\u00e9motionnel","\u00e9nergique","\u00e9norme","\u00e9poustouflant","essentiel","\u00e9tonnant","exclusif","exp\u00e9rience","fabuleux","fantastique","formidable","fort","garanti","g\u00e9ant","g\u00e9n\u00e9reux","grandiose","gratuit","habile","harmonieux","historique","hors pair","important","incroyable","indispensable","inoubliable","inspirant","innovant","intense","invention","irr\u00e9sistible","l\u00e9gendaire","lumineux","luxe","magique","magnifique","majestueux","marquant","merveilleux","miraculeux","motivant","n\u00e9cessaire","nouvelle","officiel","parfait","passionn\u00e9","persuasif","ph\u00e9nom\u00e9nal","plaisir","populaire","pouvoir","prestigieux","prodigieux","profond","prosp\u00e8re","puissant","qualit\u00e9","radieux","rapide","r\u00e9ussi","r\u00e9volutionnaire","satisfait","s\u00e9curit\u00e9","sensationnel","serein","somptueux","splendide","sublime","surprenant","talentueux","terrifiant","unique","valeur","vibrant","victorieux","vif","vraiment","z\u00e9l\u00e9"],"diacritics":true,"researchesTests":["contentHasTOC","contentHasShortParagraphs","contentHasAssets","keywordInTitle","keywordInMetaDescription","keywordInPermalink","keywordIn10Percent","keywordInContent","keywordInSubheadings","keywordInImageAlt","keywordDensity","keywordNotUsed","lengthContent","lengthPermalink","linksHasInternal","linksHasExternals","linksNotAllExternals","titleStartWithKeyword","titleSentiment","titleHasPowerWords","titleHasNumber","hasContentAI"],"hasBreadcrumb":false,"serpData":{"title":"%sitename% %page% %sep% %sitedesc%","description":"","titleTemplate":"%sitename% %page% %sep% %sitedesc%","descriptionTemplate":"","focusKeywords":"","breadcrumbTitle":"Home","robots":{"index":true},"advancedRobots":[],"facebookTitle":"","facebookDescription":"","facebookImage":"","facebookImageID":""}}},"tocTitle":"Table of Contents","tocExcludeHeadings":[],"listStyle":"ul"},"_links":{"self":[{"href":"https:\/\/agri-meteo.fr\/blog\/wp-json\/wp\/v2\/pages\/3317","targetHints":{"allow":["GET"]}}],"collection":[{"href":"https:\/\/agri-meteo.fr\/blog\/wp-json\/wp\/v2\/pages"}],"about":[{"href":"https:\/\/agri-meteo.fr\/blog\/wp-json\/wp\/v2\/types\/page"}],"author":[{"embeddable":true,"href":"https:\/\/agri-meteo.fr\/blog\/wp-json\/wp\/v2\/users\/1"}],"replies":[{"embeddable":true,"href":"https:\/\/agri-meteo.fr\/blog\/wp-json\/wp\/v2\/comments?post=3317"}],"version-history":[{"count":4,"href":"https:\/\/agri-meteo.fr\/blog\/wp-json\/wp\/v2\/pages\/3317\/revisions"}],"predecessor-version":[{"id":3323,"href":"https:\/\/agri-meteo.fr\/blog\/wp-json\/wp\/v2\/pages\/3317\/revisions\/3323"}],"wp:attachment":[{"href":"https:\/\/agri-meteo.fr\/blog\/wp-json\/wp\/v2\/media?parent=3317"}],"curies":[{"name":"wp","href":"https:\/\/api.w.org\/{rel}","templated":true}]}}